{"id":56,"date":"2021-11-16T16:21:13","date_gmt":"2021-11-16T16:21:13","guid":{"rendered":"http:\/\/www.pastoretsdelespluga.cat\/index.php\/brite\/"},"modified":"2026-02-07T19:51:15","modified_gmt":"2026-02-07T19:51:15","slug":"brite","status":"publish","type":"page","link":"https:\/\/www.pastoretsdelespluga.cat\/","title":{"rendered":"Inici"},"content":{"rendered":"<div data-colibri-id=\"56-c1\" class=\"style-186 style-local-56-c1 position-relative\">\n  <!---->\n  <div data-colibri-component=\"section\" data-colibri-id=\"56-c2\" id=\"overlappable\" class=\"h-section h-section-global-spacing d-flex align-items-lg-center align-items-md-center align-items-center style-187 style-local-56-c2 position-relative\">\n    <!---->\n    <!---->\n    <div class=\"h-section-grid-container h-section-boxed-container\">\n      <!---->\n      <div data-colibri-id=\"56-c3\" class=\"h-row-container gutters-row-lg-0 gutters-row-md-0 gutters-row-2 gutters-row-v-lg-0 gutters-row-v-md-0 gutters-row-v-2 style-188 style-local-56-c3 position-relative\">\n        <!---->\n        <div class=\"h-row justify-content-lg-center justify-content-md-center justify-content-center align-items-lg-stretch align-items-md-stretch align-items-stretch gutters-col-lg-0 gutters-col-md-0 gutters-col-2 gutters-col-v-lg-0 gutters-col-v-md-0 gutters-col-v-2\">\n          <!---->\n          <div class=\"h-column h-column-container d-flex h-col-lg-auto h-col-md-auto h-col-auto style-189-outer style-local-56-c4-outer\">\n            <div data-colibri-id=\"56-c4\" class=\"d-flex h-flex-basis h-column__inner h-px-lg-0 h-px-md-0 h-px-0 v-inner-lg-0 v-inner-md-0 v-inner-0 style-189 style-local-56-c4 h-overflow-hidden position-relative\">\n              <!---->\n              <!---->\n              <div class=\"w-100 h-y-container h-column__content h-column__v-align flex-basis-100 align-self-lg-start align-self-md-start align-self-start\">\n                <!---->\n                <div data-colibri-id=\"56-c5\" class=\"h-row-container gutters-row-lg-0 gutters-row-md-0 gutters-row-0 gutters-row-v-lg-0 gutters-row-v-md-0 gutters-row-v-0 style-190 style-local-56-c5 position-relative\">\n                  <!---->\n                  <div class=\"h-row justify-content-lg-center justify-content-md-center justify-content-center align-items-lg-stretch align-items-md-stretch align-items-stretch gutters-col-lg-0 gutters-col-md-0 gutters-col-0 gutters-col-v-lg-0 gutters-col-v-md-0 gutters-col-v-0\">\n                    <!---->\n                    <div class=\"h-column h-column-container d-flex h-col-lg-3 h-col-md-6 h-col-12 style-191-outer style-local-56-c6-outer\">\n                      <div data-colibri-id=\"56-c6\" class=\"d-flex h-flex-basis h-column__inner h-px-lg-3 h-px-md-3 h-px-3 v-inner-lg-3 v-inner-md-3 v-inner-3 style-191 style-local-56-c6 position-relative\">\n                        <!---->\n                        <!---->\n                        <div class=\"w-100 h-y-container h-column__content h-column__v-align flex-basis-100 align-self-lg-start align-self-md-start align-self-start\">\n                          <!---->\n                          <div data-colibri-id=\"56-c7\" class=\"h-icon style-192 style-local-56-c7 position-relative h-element\">\n                            <!----><span class=\"h-svg-icon h-icon__icon style-192-icon style-local-56-c7-icon\"><!--Icon by Font Awesome (https:\/\/fontawesome.com)-->\n    <svg version=\"1.1\" xmlns=\"http:\/\/www.w3.org\/2000\/svg\" xmlns:xlink=\"http:\/\/www.w3.org\/1999\/xlink\" id=\"bell\" viewBox=\"0 0 1792 1896.0833\">\n      <path d=\"M912 1696q0-16-16-16-59 0-101.5-42.5T752 1536q0-16-16-16t-16 16q0 73 51.5 124.5T896 1712q16 0 16-16zm816-288q0 52-38 90t-90 38h-448q0 106-75 181t-181 75-181-75-75-181H192q-52 0-90-38t-38-90q50-42 91-88t85-119.5 74.5-158.5 50-206T384 576q0-152 117-282.5T808 135q-8-19-8-39 0-40 28-68t68-28 68 28 28 68q0 20-8 39 190 28 307 158.5T1408 576q0 139 19.5 260t50 206 74.5 158.5 85 119.5 91 88z\"><\/path>\n    <\/svg><\/span><\/div>\n                          <div data-colibri-id=\"56-c8\" class=\"h-global-transition-all h-heading style-193 style-local-56-c8 position-relative h-element\">\n                            <!---->\n                            <div class=\"h-heading__outer style-193 style-local-56-c8\">\n                              <!---->\n                              <!---->\n                              <h4 class=\"\">Des de 1886<\/h4>\n                            <\/div>\n                          <\/div>\n                          <div data-colibri-id=\"56-c9\" class=\"h-text h-text-component style-194 style-local-56-c9 position-relative h-element\">\n                            <!---->\n                            <!---->\n                            <div class=\"\">\n                              <p>Documentats des de finals del segle XIX els Pastorets de l&#8217;Espluga es representen en la versi\u00f3 actual al teatre del Casal des de 1976<\/p>\n                            <\/div>\n                          <\/div>\n                          <div data-colibri-id=\"56-c10\" class=\"h-x-container style-195 style-local-56-c10 position-relative h-element\">\n                            <!---->\n                            <div class=\"h-x-container-inner style-dynamic-56-c10-group style-195-spacing style-local-56-c10-spacing\"><span class=\"h-button__outer style-196-outer style-local-56-c11-outer d-inline-flex h-element\"><a h-use-smooth-scroll=\"true\" href=\"http:\/\/www.pastoretsdelespluga.cat\/index.php\/historia\/\"  data-colibri-id=\"56-c11\" class=\"d-flex w-100 align-items-center h-button justify-content-lg-center justify-content-md-center justify-content-center style-196 style-local-56-c11 position-relative\"><!----><!----> <span>HIST\u00d2RIA DELS PASTORETS<\/span><\/a>\n                              <\/span>\n                            <\/div>\n                          <\/div>\n                        <\/div>\n                      <\/div>\n                    <\/div>\n                    <div class=\"h-column h-column-container d-flex h-col-lg-3 h-col-md-6 h-col-12 style-191-outer style-local-56-c12-outer\">\n                      <div data-colibri-id=\"56-c12\" class=\"d-flex h-flex-basis h-column__inner h-px-lg-3 h-px-md-3 h-px-3 v-inner-lg-3 v-inner-md-3 v-inner-3 style-191 style-local-56-c12 position-relative\">\n                        <!---->\n                        <!---->\n                        <div class=\"w-100 h-y-container h-column__content h-column__v-align flex-basis-100 align-self-lg-start align-self-md-start align-self-start\">\n                          <!---->\n                          <div data-colibri-id=\"56-c13\" class=\"h-icon style-197 style-local-56-c13 position-relative h-element\">\n                            <!----><span class=\"h-svg-icon h-icon__icon style-197-icon style-local-56-c13-icon\"><!--Icon by Font Awesome (https:\/\/fontawesome.com)-->\n    <svg version=\"1.1\" xmlns=\"http:\/\/www.w3.org\/2000\/svg\" xmlns:xlink=\"http:\/\/www.w3.org\/1999\/xlink\" id=\"group\" viewBox=\"0 0 1920 1896.0833\">\n      <path d=\"M593 896q-162 5-265 128H194q-82 0-138-40.5T0 865q0-353 124-353 6 0 43.5 21t97.5 42.5T384 597q67 0 133-23-5 37-5 66 0 139 81 256zm1071 637q0 120-73 189.5t-194 69.5H523q-121 0-194-69.5T256 1533q0-53 3.5-103.5t14-109T300 1212t43-97.5 62-81 85.5-53.5T602 960q10 0 43 21.5t73 48 107 48 135 21.5 135-21.5 107-48 73-48 43-21.5q61 0 111.5 20t85.5 53.5 62 81 43 97.5 26.5 108.5 14 109 3.5 103.5zM640 256q0 106-75 181t-181 75-181-75-75-181 75-181T384 0t181 75 75 181zm704 384q0 159-112.5 271.5T960 1024 688.5 911.5 576 640t112.5-271.5T960 256t271.5 112.5T1344 640zm576 225q0 78-56 118.5t-138 40.5h-134q-103-123-265-128 81-117 81-256 0-29-5-66 66 23 133 23 59 0 119-21.5t97.5-42.5 43.5-21q124 0 124 353zm-128-609q0 106-75 181t-181 75-181-75-75-181 75-181 181-75 181 75 75 181z\"><\/path>\n    <\/svg><\/span><\/div>\n                          <div data-colibri-id=\"56-c14\" class=\"h-global-transition-all h-heading style-193 style-local-56-c14 position-relative h-element\">\n                            <!---->\n                            <div class=\"h-heading__outer style-193 style-local-56-c14\">\n                              <!---->\n                              <!---->\n                              <h4 class=\"\">M\u00e9s de 100 persones<\/h4>\n                            <\/div>\n                          <\/div>\n                          <div data-colibri-id=\"56-c15\" class=\"h-text h-text-component style-194 style-local-56-c15 position-relative h-element\">\n                            <!---->\n                            <!---->\n                            <div class=\"\">\n                              <p>Un ampli equip art\u00edstic, t\u00e8cnic, esc\u00e8nic, log\u00edstic, de direcci\u00f3, coordinaci\u00f3 i comunicaci\u00f3 fa possible l&#8217;espectacle de gran envergadura.<\/p>\n                            <\/div>\n                          <\/div>\n                          <div data-colibri-id=\"56-c16\" class=\"h-x-container style-195 style-local-56-c16 position-relative h-element\">\n                            <!---->\n                            <div class=\"h-x-container-inner style-dynamic-56-c16-group style-195-spacing style-local-56-c16-spacing\"><span class=\"h-button__outer style-198-outer style-local-56-c17-outer d-inline-flex h-element\"><a h-use-smooth-scroll=\"true\" href=\"http:\/\/www.pastoretsdelespluga.cat\/index.php\/repartiment-dels-pastorets-2025\/\"  data-colibri-id=\"56-c17\" class=\"d-flex w-100 align-items-center h-button justify-content-lg-center justify-content-md-center justify-content-center style-198 style-local-56-c17 position-relative\"><!----><!----> <span>Repartiment dels Pastorets<\/span><\/a>\n                              <\/span>\n                            <\/div>\n                          <\/div>\n                        <\/div>\n                      <\/div>\n                    <\/div>\n                    <div class=\"h-column h-column-container d-flex h-col-lg-3 h-col-md-6 h-col-12 style-191-outer style-local-56-c18-outer\">\n                      <div data-colibri-id=\"56-c18\" class=\"d-flex h-flex-basis h-column__inner h-px-lg-3 h-px-md-3 h-px-3 v-inner-lg-3 v-inner-md-3 v-inner-3 style-191 style-local-56-c18 position-relative\">\n                        <!---->\n                        <!---->\n                        <div class=\"w-100 h-y-container h-column__content h-column__v-align flex-basis-100 align-self-lg-start align-self-md-start align-self-start\">\n                          <!---->\n                          <div data-colibri-id=\"56-c19\" class=\"h-icon style-199 style-local-56-c19 position-relative h-element\">\n                            <!----><span class=\"h-svg-icon h-icon__icon style-199-icon style-local-56-c19-icon\"><!--Icon by Font Awesome (https:\/\/fontawesome.com)-->\n    <svg version=\"1.1\" xmlns=\"http:\/\/www.w3.org\/2000\/svg\" xmlns:xlink=\"http:\/\/www.w3.org\/1999\/xlink\" id=\"music\" viewBox=\"0 0 1536 1896.0833\">\n      <path d=\"M1536 224v1120q0 50-34 89t-86 60.5-103.5 32-96.5 10.5-96.5-10.5-103.5-32-86-60.5-34-89 34-89 86-60.5 103.5-32 96.5-10.5q105 0 192 39V654L640 891v709q0 50-34 89t-86 60.5-103.5 32T320 1792t-96.5-10.5-103.5-32-86-60.5-34-89 34-89 86-60.5 103.5-32T320 1408q105 0 192 39V480q0-31 19-56.5t49-35.5l832-256q12-4 28-4 40 0 68 28t28 68z\"><\/path>\n    <\/svg><\/span><\/div>\n                          <div data-colibri-id=\"56-c20\" class=\"h-global-transition-all h-heading style-193 style-local-56-c20 position-relative h-element\">\n                            <!---->\n                            <div class=\"h-heading__outer style-193 style-local-56-c20\">\n                              <!---->\n                              <!---->\n                              <h4 class=\"\">Orquestra en directe<\/h4>\n                            <\/div>\n                          <\/div>\n                          <div data-colibri-id=\"56-c21\" class=\"h-text h-text-component style-194 style-local-56-c21 position-relative h-element\">\n                            <!---->\n                            <!---->\n                            <div class=\"\">\n                              <p>La m\u00fasica en directe, amb una orquestra pr\u00f2pia al fossat de l&#8217;escenari, \u00e9s un dels valors afegits a l&#8217;espectacle, amb banda sonora pr\u00f2pia.<\/p>\n                            <\/div>\n                          <\/div>\n                          <div data-colibri-id=\"56-c22\" class=\"h-x-container style-195 style-local-56-c22 position-relative h-element\">\n                            <!---->\n                            <div class=\"h-x-container-inner style-dynamic-56-c22-group style-195-spacing style-local-56-c22-spacing\"><span class=\"h-button__outer style-200-outer style-local-56-c23-outer d-inline-flex h-element\"><a h-use-smooth-scroll=\"true\" href=\"http:\/\/www.pastoretsdelespluga.cat\/index.php\/musica-dels-pastorets\/\"  data-colibri-id=\"56-c23\" class=\"d-flex w-100 align-items-center h-button justify-content-lg-center justify-content-md-center justify-content-center style-200 style-local-56-c23 position-relative\"><!----><!----> <span>M\u00fasica dels Pastorets<\/span><\/a>\n                              <\/span>\n                            <\/div>\n                          <\/div>\n                        <\/div>\n                      <\/div>\n                    <\/div>\n                    <div class=\"h-column h-column-container d-flex h-col-lg-3 h-col-md-6 h-col-12 style-191-outer style-local-56-c24-outer\">\n                      <div data-colibri-id=\"56-c24\" class=\"d-flex h-flex-basis h-column__inner h-px-lg-3 h-px-md-3 h-px-3 v-inner-lg-3 v-inner-md-3 v-inner-3 style-191 style-local-56-c24 position-relative\">\n                        <!---->\n                        <!---->\n                        <div class=\"w-100 h-y-container h-column__content h-column__v-align flex-basis-100 align-self-lg-start align-self-md-start align-self-start\">\n                          <!---->\n                          <div data-colibri-id=\"56-c25\" class=\"h-icon style-201 style-local-56-c25 position-relative h-element\">\n                            <!----><span class=\"h-svg-icon h-icon__icon style-201-icon style-local-56-c25-icon\"><!--Icon by Font Awesome (https:\/\/fontawesome.com)-->\n    <svg version=\"1.1\" xmlns=\"http:\/\/www.w3.org\/2000\/svg\" xmlns:xlink=\"http:\/\/www.w3.org\/1999\/xlink\" id=\"play-circle-o\" viewBox=\"0 0 1536 1896.0833\">\n      <path d=\"M1184 896q0 37-32 55l-544 320q-15 9-32 9-16 0-32-8-32-19-32-56V576q0-37 32-56 33-18 64 1l544 320q32 18 32 55zm128 0q0-148-73-273t-198-198-273-73-273 73-198 198-73 273 73 273 198 198 273 73 273-73 198-198 73-273zm224 0q0 209-103 385.5T1153.5 1561 768 1664t-385.5-103T103 1281.5 0 896t103-385.5T382.5 231 768 128t385.5 103T1433 510.5 1536 896z\"><\/path>\n    <\/svg><\/span><\/div>\n                          <div data-colibri-id=\"56-c26\" class=\"h-global-transition-all h-heading style-193 style-local-56-c26 position-relative h-element\">\n                            <!---->\n                            <div class=\"h-heading__outer style-193 style-local-56-c26\">\n                              <!---->\n                              <!---->\n                              <h4 class=\"\">Emissi\u00f3 a televisi\u00f3<\/h4>\n                            <\/div>\n                          <\/div>\n                          <div data-colibri-id=\"56-c27\" class=\"h-text h-text-component style-194 style-local-56-c27 position-relative h-element\">\n                            <!---->\n                            <!---->\n                            <div class=\"\">\n                              <p>L&#8217;any 2018, Tac12 va emetre per primer cop a televisi\u00f3 &#8216;Els Pastorets de l&#8217;Espluga&#8217; arribant als 50.000 espectadors, repetint l&#8217;\u00e8xit l&#8217;any 2021, el 2023 i el 2025.<\/p>\n                            <\/div>\n                          <\/div>\n                          <div data-colibri-id=\"56-c28\" class=\"h-x-container style-195 style-local-56-c28 position-relative h-element\">\n                            <!---->\n                            <div class=\"h-x-container-inner style-dynamic-56-c28-group style-195-spacing style-local-56-c28-spacing\"><span class=\"h-button__outer style-202-outer style-local-56-c29-outer d-inline-flex h-element\"><a h-use-smooth-scroll=\"true\" href=\"https:\/\/youtu.be\/oVulzLtv_1A?si=VafQ9Hx5JxCA6Gw3\"  data-colibri-id=\"56-c29\" class=\"d-flex w-100 align-items-center h-button justify-content-lg-center justify-content-md-center justify-content-center style-202 style-local-56-c29 position-relative\"><!----><!----> <span>V\u00cdDEO DEL PASTORETS 2025<\/span><\/a>\n                              <\/span>\n                            <\/div>\n                          <\/div>\n                        <\/div>\n                      <\/div>\n                    <\/div>\n                  <\/div>\n                <\/div>\n                <div data-colibri-id=\"56-c30\" class=\"d-block style-2402 style-local-56-c30 position-relative h-element\">\n                  <!---->\n                  <div class=\"h-image__frame-container-outer\">\n                    <div class=\"h-image__frame-container\">\n                      <!---->\n                      <!---->\n                      <img data-recalc-dims=\"1\" loading=\"lazy\" decoding=\"async\" width=\"1102\" height=\"152\" src=\"https:\/\/i0.wp.com\/www.pastoretsdelespluga.cat\/wp-content\/uploads\/2025\/10\/cropped-cropped-Suport_DIPTA_H_gris_0.png?resize=1102%2C152\" class=\"wp-image-5144 style-2402-image style-local-56-c30-image\" alt=\"\" srcset=\"https:\/\/i0.wp.com\/www.pastoretsdelespluga.cat\/wp-content\/uploads\/2025\/10\/cropped-cropped-Suport_DIPTA_H_gris_0.png?w=1102&amp;ssl=1 1102w, https:\/\/i0.wp.com\/www.pastoretsdelespluga.cat\/wp-content\/uploads\/2025\/10\/cropped-cropped-Suport_DIPTA_H_gris_0.png?resize=300%2C41&amp;ssl=1 300w, https:\/\/i0.wp.com\/www.pastoretsdelespluga.cat\/wp-content\/uploads\/2025\/10\/cropped-cropped-Suport_DIPTA_H_gris_0.png?resize=1024%2C141&amp;ssl=1 1024w, https:\/\/i0.wp.com\/www.pastoretsdelespluga.cat\/wp-content\/uploads\/2025\/10\/cropped-cropped-Suport_DIPTA_H_gris_0.png?resize=768%2C106&amp;ssl=1 768w\" sizes=\"auto, (max-width: 1000px) 100vw, 1000px\" \/>\n                      <div class=\"h-image__frame h-hide-lg h-hide-md h-hide-sm style-2402-frameImage style-local-56-c30-frameImage\"><\/div>\n                    <\/div>\n                  <\/div>\n                <\/div>\n              <\/div>\n            <\/div>\n          <\/div>\n        <\/div>\n      <\/div>\n    <\/div>\n  <\/div>\n  <div data-colibri-component=\"section\" data-colibri-id=\"56-c31\" id=\"ultimes-noticies\" class=\"h-section h-section-global-spacing d-flex align-items-lg-center align-items-md-center align-items-center style-296 style-local-56-c31 position-relative\">\n    <!---->\n    <!---->\n    <div class=\"h-section-grid-container h-section-boxed-container\">\n      <!---->\n      <div data-colibri-id=\"56-c32\" class=\"h-row-container gutters-row-lg-0 gutters-row-md-0 gutters-row-0 gutters-row-v-lg-0 gutters-row-v-md-0 gutters-row-v-0 style-297 style-local-56-c32 position-relative\">\n        <!---->\n        <div class=\"h-row justify-content-lg-center justify-content-md-center justify-content-center align-items-lg-stretch align-items-md-stretch align-items-stretch gutters-col-lg-0 gutters-col-md-0 gutters-col-0 gutters-col-v-lg-0 gutters-col-v-md-0 gutters-col-v-0\">\n          <!---->\n          <div class=\"h-column h-column-container d-flex h-col-lg-auto h-col-md-auto h-col-auto style-298-outer style-local-56-c33-outer\">\n            <div data-colibri-id=\"56-c33\" class=\"d-flex h-flex-basis h-column__inner h-px-lg-0 h-px-md-0 h-px-0 v-inner-lg-0 v-inner-md-0 v-inner-0 style-298 style-local-56-c33 position-relative\">\n              <!---->\n              <!---->\n              <div class=\"w-100 h-y-container h-column__content h-column__v-align flex-basis-100 align-self-lg-start align-self-md-start align-self-start\">\n                <!---->\n                <div data-colibri-id=\"56-c34\" class=\"h-global-transition-all h-heading style-1975 style-local-56-c34 position-relative h-element\">\n                  <!---->\n                  <div class=\"h-heading__outer style-1975 style-local-56-c34\">\n                    <!---->\n                    <!---->\n                    <h1 class=\"\">\u00daltimes not\u00edcies<\/h1>\n                  <\/div>\n                <\/div>\n                <div data-colibri-id=\"56-c35\" class=\"h-row-container gutters-row-lg-2 gutters-row-md-2 gutters-row-2 gutters-row-v-lg-2 gutters-row-v-md-2 gutters-row-v-2 colibri-dynamic-list style-299 style-local-56-c35 position-relative\">\n                  <!---->\n                  <div data-colibri-component=\"masonry\" class=\"h-row justify-content-lg-start justify-content-md-start justify-content-start align-items-lg-stretch align-items-md-stretch align-items-stretch gutters-col-lg-2 gutters-col-md-2 gutters-col-2 gutters-col-v-lg-2 gutters-col-v-md-2 gutters-col-v-2 style-299-row style-local-56-c35-row\">\n                    <!---->\n        <div class=\"h-column h-column-container d-flex h-col-lg-4 h-col-md-6 h-col-12 post-7254 post type-post status-publish format-standard has-post-thumbnail hentry category-coordinadora-de-pastorets tag-escenografia tag-exposicio tag-pastorets masonry-item style-300-outer style-local-56-c36-outer\"><div data-colibri-id=\"56-c36\" class=\"d-flex h-flex-basis h-column__inner h-px-lg-0 h-px-md-0 h-px-0 v-inner-lg-0 v-inner-md-0 v-inner-0 style-300 style-local-56-c36 h-overflow-hidden position-relative\"> <div class=\"w-100 h-y-container h-column__content h-column__v-align flex-basis-100 align-self-lg-start align-self-md-start align-self-start\"> <div data-href=\"https:\/\/www.pastoretsdelespluga.cat\/index.php\/2026\/04\/21\/la-caldera-de-lespluga-a-lexposicio-dels-100-anys-dels-pastorets-de-lhospitalet\/\" data-colibri-component=\"link\" data-colibri-id=\"56-c37\" class=\"colibri-post-thumbnail colibri-post-has-thumbnail style-301 style-local-56-c37 h-overflow-hidden position-relative h-element\"><div class=\"h-global-transition-all colibri-post-thumbnail-shortcode style-dynamic-56-c37-height\">            <a href=\"https:\/\/www.pastoretsdelespluga.cat\/index.php\/2026\/04\/21\/la-caldera-de-lespluga-a-lexposicio-dels-100-anys-dels-pastorets-de-lhospitalet\/\" title=\"La caldera de l&#8217;Espluga, a l&#8217;exposici\u00f3 dels 100 anys dels Pastorets de l&#8217;Hospitalet\">\n\t\t\t\t<img data-recalc-dims=\"1\" loading=\"lazy\" decoding=\"async\" width=\"1600\" height=\"1200\" src=\"https:\/\/i0.wp.com\/www.pastoretsdelespluga.cat\/wp-content\/uploads\/2026\/04\/Caldera-expo-Hospitalet_1.jpeg?resize=1600%2C1200&#038;ssl=1\" class=\"attachment-post-thumbnail size-post-thumbnail wp-post-image\" alt=\"\" srcset=\"https:\/\/i0.wp.com\/www.pastoretsdelespluga.cat\/wp-content\/uploads\/2026\/04\/Caldera-expo-Hospitalet_1.jpeg?w=1600&amp;ssl=1 1600w, https:\/\/i0.wp.com\/www.pastoretsdelespluga.cat\/wp-content\/uploads\/2026\/04\/Caldera-expo-Hospitalet_1.jpeg?resize=300%2C225&amp;ssl=1 300w, https:\/\/i0.wp.com\/www.pastoretsdelespluga.cat\/wp-content\/uploads\/2026\/04\/Caldera-expo-Hospitalet_1.jpeg?resize=1024%2C768&amp;ssl=1 1024w, https:\/\/i0.wp.com\/www.pastoretsdelespluga.cat\/wp-content\/uploads\/2026\/04\/Caldera-expo-Hospitalet_1.jpeg?resize=768%2C576&amp;ssl=1 768w, https:\/\/i0.wp.com\/www.pastoretsdelespluga.cat\/wp-content\/uploads\/2026\/04\/Caldera-expo-Hospitalet_1.jpeg?resize=1536%2C1152&amp;ssl=1 1536w\" sizes=\"auto, (max-width: 1000px) 100vw, 1000px\" \/>            <\/a>\n\t\t\t<\/div> <div class=\"colibri-post-thumbnail-content align-items-lg-center align-items-md-center align-items-center flex-basis-100\"><div class=\"w-100 h-y-container\"> <\/div><\/div><\/div><div data-colibri-id=\"56-c38\" class=\"h-row-container gutters-row-lg-2 gutters-row-md-2 gutters-row-2 gutters-row-v-lg-2 gutters-row-v-md-2 gutters-row-v-2 style-302 style-local-56-c38 position-relative\"><div class=\"h-row justify-content-lg-center justify-content-md-center justify-content-center align-items-lg-stretch align-items-md-stretch align-items-stretch gutters-col-lg-2 gutters-col-md-2 gutters-col-2 gutters-col-v-lg-2 gutters-col-v-md-2 gutters-col-v-2\"> <div class=\"h-column h-column-container d-flex h-col-lg-auto h-col-md-auto h-col-auto style-303-outer style-local-56-c39-outer\"><div data-colibri-id=\"56-c39\" class=\"d-flex h-flex-basis h-column__inner h-px-lg-2 h-px-md-2 h-px-2 v-inner-lg-2 v-inner-md-2 v-inner-2 style-303 style-local-56-c39 position-relative\"> <div class=\"w-100 h-y-container h-column__content h-column__v-align flex-basis-100 align-self-lg-start align-self-md-start align-self-start\"> <div data-colibri-id=\"56-c40\" class=\"h-blog-title style-304 style-local-56-c40 position-relative h-element\"><div class=\"h-global-transition-all\"><a href=\"https:\/\/www.pastoretsdelespluga.cat\/index.php\/2026\/04\/21\/la-caldera-de-lespluga-a-lexposicio-dels-100-anys-dels-pastorets-de-lhospitalet\/\"><h4 class=\"colibri-word-wrap\">La caldera de l&#8217;Espluga, a l&#8217;exposici\u00f3 dels 100 anys dels Pastorets de l&#8217;Hospitalet<\/h4><\/a><\/div><\/div><div data-colibri-id=\"56-c41\" class=\"style-305 style-local-56-c41 position-relative h-element\"><div class=\"h-global-transition-all\"><div class=\"colibri-post-excerpt\">La caldera dels Pastorets de l&#8217;Espluga participa, fins al 6 de maig, [&hellip;]<\/div><\/div><\/div><div data-colibri-id=\"56-c42\" class=\"h-row-container gutters-row-lg-0 gutters-row-md-0 gutters-row-0 gutters-row-v-lg-0 gutters-row-v-md-0 gutters-row-v-0 style-306 style-local-56-c42 position-relative\"><div class=\"h-row justify-content-lg-center justify-content-md-center justify-content-center align-items-lg-stretch align-items-md-stretch align-items-stretch gutters-col-lg-0 gutters-col-md-0 gutters-col-0 gutters-col-v-lg-0 gutters-col-v-md-0 gutters-col-v-0\"> <div class=\"h-column h-column-container d-flex h-col-lg h-col-md h-col style-307-outer style-local-56-c43-outer\"><div data-colibri-id=\"56-c43\" class=\"d-flex h-flex-basis h-column__inner h-px-lg-0 h-px-md-0 h-px-0 v-inner-lg-0 v-inner-md-0 v-inner-0 style-307 style-local-56-c43 position-relative\"> <div class=\"w-100 h-y-container h-column__content h-column__v-align flex-basis-100 align-self-lg-center align-self-md-center align-self-center\"> <div data-colibri-id=\"56-c44\" class=\"h-blog-meta style-308 style-local-56-c44 position-relative h-element\"><div class=\"metadata-item\"><span class=\"metadata-prefix\">by<\/span> <a href=\"https:\/\/www.pastoretsdelespluga.cat\/index.php\/author\/admin\/\"><span class=\"h-svg-icon\"><svg version=\"1.1\" xmlns=\"http:\/\/www.w3.org\/2000\/svg\" xmlns:xlink=\"http:\/\/www.w3.org\/1999\/xlink\" id=\"user\" viewBox=\"0 0 512 545.5\"><path d=\"M240 112c61.666 0 112 50.334 112 112 0 38.54-19.698 72.834-49.5 93 57.074 24.477 97.5 81.1 97.5 147h-32c0-70.89-57.11-128-128-128s-128 57.11-128 128H80c0-65.9 40.426-122.522 97.5-147-29.802-20.166-49.5-54.46-49.5-93 0-61.666 50.334-112 112-112zm0 32c-44.372 0-80 35.628-80 80s35.628 80 80 80 80-35.628 80-80-35.628-80-80-80z\"><\/path><\/svg><\/span>Gets\u00e8<\/a><\/div><\/div><\/div><\/div><\/div><div class=\"h-column h-column-container d-flex h-col-lg-auto h-col-md-auto h-col-auto style-309-outer style-local-56-c45-outer\"><div data-colibri-id=\"56-c45\" class=\"d-flex h-flex-basis h-column__inner h-px-lg-0 h-px-md-0 h-px-0 v-inner-lg-0 v-inner-md-0 v-inner-0 style-309 style-local-56-c45 position-relative\"> <div class=\"w-100 h-y-container h-column__content h-column__v-align flex-basis-auto align-self-lg-center align-self-md-center align-self-center\"> <div data-colibri-id=\"56-c46\" class=\"h-x-container style-310 style-local-56-c46 position-relative h-element\"><div class=\"h-x-container-inner style-dynamic-56-c46-group\"><span class=\"h-button__outer style-311-outer style-local-56-c47-outer d-inline-flex h-element\"><a href=\"https:\/\/www.pastoretsdelespluga.cat\/index.php\/2026\/04\/21\/la-caldera-de-lespluga-a-lexposicio-dels-100-anys-dels-pastorets-de-lhospitalet\/\" data-colibri-id=\"56-c47\" class=\"d-flex w-100 align-items-center h-button justify-content-lg-center justify-content-md-center justify-content-center style-311 style-local-56-c47 position-relative\"> <span>read more&#8230;<\/span><\/a><\/span><\/div><\/div><\/div><\/div><\/div><\/div><\/div><\/div><\/div><\/div><\/div><\/div><\/div><\/div><\/div>\n      \n      \n        <div class=\"h-column h-column-container d-flex h-col-lg-4 h-col-md-6 h-col-12 post-7245 post type-post status-publish format-standard has-post-thumbnail hentry category-sin-categoria masonry-item style-300-outer style-local-56-c36-outer\"><div data-colibri-id=\"56-c36\" class=\"d-flex h-flex-basis h-column__inner h-px-lg-0 h-px-md-0 h-px-0 v-inner-lg-0 v-inner-md-0 v-inner-0 style-300 style-local-56-c36 h-overflow-hidden position-relative\"> <div class=\"w-100 h-y-container h-column__content h-column__v-align flex-basis-100 align-self-lg-start align-self-md-start align-self-start\"> <div data-href=\"https:\/\/www.pastoretsdelespluga.cat\/index.php\/2026\/04\/18\/blai-rosell-i-pep-torres-1r-i-3r-premi-del-concurs-els-meus-pastorets\/\" data-colibri-component=\"link\" data-colibri-id=\"56-c37\" class=\"colibri-post-thumbnail colibri-post-has-thumbnail style-301 style-local-56-c37 h-overflow-hidden position-relative h-element\"><div class=\"h-global-transition-all colibri-post-thumbnail-shortcode style-dynamic-56-c37-height\">            <a href=\"https:\/\/www.pastoretsdelespluga.cat\/index.php\/2026\/04\/18\/blai-rosell-i-pep-torres-1r-i-3r-premi-del-concurs-els-meus-pastorets\/\" title=\"Blai Rosell i Pep Torres, 1r i 3r premi del concurs &#8216;Els meus Pastorets&#8217;\">\n\t\t\t\t<img data-recalc-dims=\"1\" loading=\"lazy\" decoding=\"async\" width=\"1441\" height=\"2560\" src=\"https:\/\/i0.wp.com\/www.pastoretsdelespluga.cat\/wp-content\/uploads\/2026\/04\/Concurs-foto-Pastorets-2026_4-scaled.jpeg?resize=1441%2C2560&#038;ssl=1\" class=\"attachment-post-thumbnail size-post-thumbnail wp-post-image\" alt=\"\" srcset=\"https:\/\/i0.wp.com\/www.pastoretsdelespluga.cat\/wp-content\/uploads\/2026\/04\/Concurs-foto-Pastorets-2026_4-scaled.jpeg?w=1441&amp;ssl=1 1441w, https:\/\/i0.wp.com\/www.pastoretsdelespluga.cat\/wp-content\/uploads\/2026\/04\/Concurs-foto-Pastorets-2026_4-scaled.jpeg?resize=169%2C300&amp;ssl=1 169w, https:\/\/i0.wp.com\/www.pastoretsdelespluga.cat\/wp-content\/uploads\/2026\/04\/Concurs-foto-Pastorets-2026_4-scaled.jpeg?resize=576%2C1024&amp;ssl=1 576w, https:\/\/i0.wp.com\/www.pastoretsdelespluga.cat\/wp-content\/uploads\/2026\/04\/Concurs-foto-Pastorets-2026_4-scaled.jpeg?resize=768%2C1365&amp;ssl=1 768w, https:\/\/i0.wp.com\/www.pastoretsdelespluga.cat\/wp-content\/uploads\/2026\/04\/Concurs-foto-Pastorets-2026_4-scaled.jpeg?resize=864%2C1536&amp;ssl=1 864w, https:\/\/i0.wp.com\/www.pastoretsdelespluga.cat\/wp-content\/uploads\/2026\/04\/Concurs-foto-Pastorets-2026_4-scaled.jpeg?resize=1153%2C2048&amp;ssl=1 1153w\" sizes=\"auto, (max-width: 1000px) 100vw, 1000px\" \/>            <\/a>\n\t\t\t<\/div> <div class=\"colibri-post-thumbnail-content align-items-lg-center align-items-md-center align-items-center flex-basis-100\"><div class=\"w-100 h-y-container\"> <\/div><\/div><\/div><div data-colibri-id=\"56-c38\" class=\"h-row-container gutters-row-lg-2 gutters-row-md-2 gutters-row-2 gutters-row-v-lg-2 gutters-row-v-md-2 gutters-row-v-2 style-302 style-local-56-c38 position-relative\"><div class=\"h-row justify-content-lg-center justify-content-md-center justify-content-center align-items-lg-stretch align-items-md-stretch align-items-stretch gutters-col-lg-2 gutters-col-md-2 gutters-col-2 gutters-col-v-lg-2 gutters-col-v-md-2 gutters-col-v-2\"> <div class=\"h-column h-column-container d-flex h-col-lg-auto h-col-md-auto h-col-auto style-303-outer style-local-56-c39-outer\"><div data-colibri-id=\"56-c39\" class=\"d-flex h-flex-basis h-column__inner h-px-lg-2 h-px-md-2 h-px-2 v-inner-lg-2 v-inner-md-2 v-inner-2 style-303 style-local-56-c39 position-relative\"> <div class=\"w-100 h-y-container h-column__content h-column__v-align flex-basis-100 align-self-lg-start align-self-md-start align-self-start\"> <div data-colibri-id=\"56-c40\" class=\"h-blog-title style-304 style-local-56-c40 position-relative h-element\"><div class=\"h-global-transition-all\"><a href=\"https:\/\/www.pastoretsdelespluga.cat\/index.php\/2026\/04\/18\/blai-rosell-i-pep-torres-1r-i-3r-premi-del-concurs-els-meus-pastorets\/\"><h4 class=\"colibri-word-wrap\">Blai Rosell i Pep Torres, 1r i 3r premi del concurs &#8216;Els meus Pastorets&#8217;<\/h4><\/a><\/div><\/div><div data-colibri-id=\"56-c41\" class=\"style-305 style-local-56-c41 position-relative h-element\"><div class=\"h-global-transition-all\"><div class=\"colibri-post-excerpt\">El fot\u00f2graf esplugu\u00ed Blai Rosell s\u2019ha emportat aquest dissabte 18 d&#8217;abril el [&hellip;]<\/div><\/div><\/div><div data-colibri-id=\"56-c42\" class=\"h-row-container gutters-row-lg-0 gutters-row-md-0 gutters-row-0 gutters-row-v-lg-0 gutters-row-v-md-0 gutters-row-v-0 style-306 style-local-56-c42 position-relative\"><div class=\"h-row justify-content-lg-center justify-content-md-center justify-content-center align-items-lg-stretch align-items-md-stretch align-items-stretch gutters-col-lg-0 gutters-col-md-0 gutters-col-0 gutters-col-v-lg-0 gutters-col-v-md-0 gutters-col-v-0\"> <div class=\"h-column h-column-container d-flex h-col-lg h-col-md h-col style-307-outer style-local-56-c43-outer\"><div data-colibri-id=\"56-c43\" class=\"d-flex h-flex-basis h-column__inner h-px-lg-0 h-px-md-0 h-px-0 v-inner-lg-0 v-inner-md-0 v-inner-0 style-307 style-local-56-c43 position-relative\"> <div class=\"w-100 h-y-container h-column__content h-column__v-align flex-basis-100 align-self-lg-center align-self-md-center align-self-center\"> <div data-colibri-id=\"56-c44\" class=\"h-blog-meta style-308 style-local-56-c44 position-relative h-element\"><div class=\"metadata-item\"><span class=\"metadata-prefix\">by<\/span> <a href=\"https:\/\/www.pastoretsdelespluga.cat\/index.php\/author\/admin\/\"><span class=\"h-svg-icon\"><svg version=\"1.1\" xmlns=\"http:\/\/www.w3.org\/2000\/svg\" xmlns:xlink=\"http:\/\/www.w3.org\/1999\/xlink\" id=\"user\" viewBox=\"0 0 512 545.5\"><path d=\"M240 112c61.666 0 112 50.334 112 112 0 38.54-19.698 72.834-49.5 93 57.074 24.477 97.5 81.1 97.5 147h-32c0-70.89-57.11-128-128-128s-128 57.11-128 128H80c0-65.9 40.426-122.522 97.5-147-29.802-20.166-49.5-54.46-49.5-93 0-61.666 50.334-112 112-112zm0 32c-44.372 0-80 35.628-80 80s35.628 80 80 80 80-35.628 80-80-35.628-80-80-80z\"><\/path><\/svg><\/span>Gets\u00e8<\/a><\/div><\/div><\/div><\/div><\/div><div class=\"h-column h-column-container d-flex h-col-lg-auto h-col-md-auto h-col-auto style-309-outer style-local-56-c45-outer\"><div data-colibri-id=\"56-c45\" class=\"d-flex h-flex-basis h-column__inner h-px-lg-0 h-px-md-0 h-px-0 v-inner-lg-0 v-inner-md-0 v-inner-0 style-309 style-local-56-c45 position-relative\"> <div class=\"w-100 h-y-container h-column__content h-column__v-align flex-basis-auto align-self-lg-center align-self-md-center align-self-center\"> <div data-colibri-id=\"56-c46\" class=\"h-x-container style-310 style-local-56-c46 position-relative h-element\"><div class=\"h-x-container-inner style-dynamic-56-c46-group\"><span class=\"h-button__outer style-311-outer style-local-56-c47-outer d-inline-flex h-element\"><a href=\"https:\/\/www.pastoretsdelespluga.cat\/index.php\/2026\/04\/18\/blai-rosell-i-pep-torres-1r-i-3r-premi-del-concurs-els-meus-pastorets\/\" data-colibri-id=\"56-c47\" class=\"d-flex w-100 align-items-center h-button justify-content-lg-center justify-content-md-center justify-content-center style-311 style-local-56-c47 position-relative\"> <span>read more&#8230;<\/span><\/a><\/span><\/div><\/div><\/div><\/div><\/div><\/div><\/div><\/div><\/div><\/div><\/div><\/div><\/div><\/div><\/div>\n      \n      \n        <div class=\"h-column h-column-container d-flex h-col-lg-4 h-col-md-6 h-col-12 post-6626 post type-post status-publish format-standard has-post-thumbnail hentry category-coordinadora-de-pastorets tag-coordinadora tag-pastorets masonry-item style-300-outer style-local-56-c36-outer\"><div data-colibri-id=\"56-c36\" class=\"d-flex h-flex-basis h-column__inner h-px-lg-0 h-px-md-0 h-px-0 v-inner-lg-0 v-inner-md-0 v-inner-0 style-300 style-local-56-c36 h-overflow-hidden position-relative\"> <div class=\"w-100 h-y-container h-column__content h-column__v-align flex-basis-100 align-self-lg-start align-self-md-start align-self-start\"> <div data-href=\"https:\/\/www.pastoretsdelespluga.cat\/index.php\/2026\/02\/28\/la-junta-de-la-coordinadora-de-pastorets-es-reuneix-a-lespluga\/\" data-colibri-component=\"link\" data-colibri-id=\"56-c37\" class=\"colibri-post-thumbnail colibri-post-has-thumbnail style-301 style-local-56-c37 h-overflow-hidden position-relative h-element\"><div class=\"h-global-transition-all colibri-post-thumbnail-shortcode style-dynamic-56-c37-height\">            <a href=\"https:\/\/www.pastoretsdelespluga.cat\/index.php\/2026\/02\/28\/la-junta-de-la-coordinadora-de-pastorets-es-reuneix-a-lespluga\/\" title=\"La Junta de la Coordinadora de Pastorets es reuneix a l&#8217;Espluga\">\n\t\t\t\t<img data-recalc-dims=\"1\" loading=\"lazy\" decoding=\"async\" width=\"1280\" height=\"853\" src=\"https:\/\/i0.wp.com\/www.pastoretsdelespluga.cat\/wp-content\/uploads\/2026\/02\/Reunio-Coordinadora-Pastorets-a-lEspluga_Xavier-Lozano_6.jpg?resize=1280%2C853&#038;ssl=1\" class=\"attachment-post-thumbnail size-post-thumbnail wp-post-image\" alt=\"\" srcset=\"https:\/\/i0.wp.com\/www.pastoretsdelespluga.cat\/wp-content\/uploads\/2026\/02\/Reunio-Coordinadora-Pastorets-a-lEspluga_Xavier-Lozano_6.jpg?w=1280&amp;ssl=1 1280w, https:\/\/i0.wp.com\/www.pastoretsdelespluga.cat\/wp-content\/uploads\/2026\/02\/Reunio-Coordinadora-Pastorets-a-lEspluga_Xavier-Lozano_6.jpg?resize=300%2C200&amp;ssl=1 300w, https:\/\/i0.wp.com\/www.pastoretsdelespluga.cat\/wp-content\/uploads\/2026\/02\/Reunio-Coordinadora-Pastorets-a-lEspluga_Xavier-Lozano_6.jpg?resize=1024%2C682&amp;ssl=1 1024w, https:\/\/i0.wp.com\/www.pastoretsdelespluga.cat\/wp-content\/uploads\/2026\/02\/Reunio-Coordinadora-Pastorets-a-lEspluga_Xavier-Lozano_6.jpg?resize=768%2C512&amp;ssl=1 768w\" sizes=\"auto, (max-width: 1000px) 100vw, 1000px\" \/>            <\/a>\n\t\t\t<\/div> <div class=\"colibri-post-thumbnail-content align-items-lg-center align-items-md-center align-items-center flex-basis-100\"><div class=\"w-100 h-y-container\"> <\/div><\/div><\/div><div data-colibri-id=\"56-c38\" class=\"h-row-container gutters-row-lg-2 gutters-row-md-2 gutters-row-2 gutters-row-v-lg-2 gutters-row-v-md-2 gutters-row-v-2 style-302 style-local-56-c38 position-relative\"><div class=\"h-row justify-content-lg-center justify-content-md-center justify-content-center align-items-lg-stretch align-items-md-stretch align-items-stretch gutters-col-lg-2 gutters-col-md-2 gutters-col-2 gutters-col-v-lg-2 gutters-col-v-md-2 gutters-col-v-2\"> <div class=\"h-column h-column-container d-flex h-col-lg-auto h-col-md-auto h-col-auto style-303-outer style-local-56-c39-outer\"><div data-colibri-id=\"56-c39\" class=\"d-flex h-flex-basis h-column__inner h-px-lg-2 h-px-md-2 h-px-2 v-inner-lg-2 v-inner-md-2 v-inner-2 style-303 style-local-56-c39 position-relative\"> <div class=\"w-100 h-y-container h-column__content h-column__v-align flex-basis-100 align-self-lg-start align-self-md-start align-self-start\"> <div data-colibri-id=\"56-c40\" class=\"h-blog-title style-304 style-local-56-c40 position-relative h-element\"><div class=\"h-global-transition-all\"><a href=\"https:\/\/www.pastoretsdelespluga.cat\/index.php\/2026\/02\/28\/la-junta-de-la-coordinadora-de-pastorets-es-reuneix-a-lespluga\/\"><h4 class=\"colibri-word-wrap\">La Junta de la Coordinadora de Pastorets es reuneix a l&#8217;Espluga<\/h4><\/a><\/div><\/div><div data-colibri-id=\"56-c41\" class=\"style-305 style-local-56-c41 position-relative h-element\"><div class=\"h-global-transition-all\"><div class=\"colibri-post-excerpt\">La Junta de la Coordinadora de Pastorets de Catalunya ha celebrat a [&hellip;]<\/div><\/div><\/div><div data-colibri-id=\"56-c42\" class=\"h-row-container gutters-row-lg-0 gutters-row-md-0 gutters-row-0 gutters-row-v-lg-0 gutters-row-v-md-0 gutters-row-v-0 style-306 style-local-56-c42 position-relative\"><div class=\"h-row justify-content-lg-center justify-content-md-center justify-content-center align-items-lg-stretch align-items-md-stretch align-items-stretch gutters-col-lg-0 gutters-col-md-0 gutters-col-0 gutters-col-v-lg-0 gutters-col-v-md-0 gutters-col-v-0\"> <div class=\"h-column h-column-container d-flex h-col-lg h-col-md h-col style-307-outer style-local-56-c43-outer\"><div data-colibri-id=\"56-c43\" class=\"d-flex h-flex-basis h-column__inner h-px-lg-0 h-px-md-0 h-px-0 v-inner-lg-0 v-inner-md-0 v-inner-0 style-307 style-local-56-c43 position-relative\"> <div class=\"w-100 h-y-container h-column__content h-column__v-align flex-basis-100 align-self-lg-center align-self-md-center align-self-center\"> <div data-colibri-id=\"56-c44\" class=\"h-blog-meta style-308 style-local-56-c44 position-relative h-element\"><div class=\"metadata-item\"><span class=\"metadata-prefix\">by<\/span> <a href=\"https:\/\/www.pastoretsdelespluga.cat\/index.php\/author\/admin\/\"><span class=\"h-svg-icon\"><svg version=\"1.1\" xmlns=\"http:\/\/www.w3.org\/2000\/svg\" xmlns:xlink=\"http:\/\/www.w3.org\/1999\/xlink\" id=\"user\" viewBox=\"0 0 512 545.5\"><path d=\"M240 112c61.666 0 112 50.334 112 112 0 38.54-19.698 72.834-49.5 93 57.074 24.477 97.5 81.1 97.5 147h-32c0-70.89-57.11-128-128-128s-128 57.11-128 128H80c0-65.9 40.426-122.522 97.5-147-29.802-20.166-49.5-54.46-49.5-93 0-61.666 50.334-112 112-112zm0 32c-44.372 0-80 35.628-80 80s35.628 80 80 80 80-35.628 80-80-35.628-80-80-80z\"><\/path><\/svg><\/span>Gets\u00e8<\/a><\/div><\/div><\/div><\/div><\/div><div class=\"h-column h-column-container d-flex h-col-lg-auto h-col-md-auto h-col-auto style-309-outer style-local-56-c45-outer\"><div data-colibri-id=\"56-c45\" class=\"d-flex h-flex-basis h-column__inner h-px-lg-0 h-px-md-0 h-px-0 v-inner-lg-0 v-inner-md-0 v-inner-0 style-309 style-local-56-c45 position-relative\"> <div class=\"w-100 h-y-container h-column__content h-column__v-align flex-basis-auto align-self-lg-center align-self-md-center align-self-center\"> <div data-colibri-id=\"56-c46\" class=\"h-x-container style-310 style-local-56-c46 position-relative h-element\"><div class=\"h-x-container-inner style-dynamic-56-c46-group\"><span class=\"h-button__outer style-311-outer style-local-56-c47-outer d-inline-flex h-element\"><a href=\"https:\/\/www.pastoretsdelespluga.cat\/index.php\/2026\/02\/28\/la-junta-de-la-coordinadora-de-pastorets-es-reuneix-a-lespluga\/\" data-colibri-id=\"56-c47\" class=\"d-flex w-100 align-items-center h-button justify-content-lg-center justify-content-md-center justify-content-center style-311 style-local-56-c47 position-relative\"> <span>read more&#8230;<\/span><\/a><\/span><\/div><\/div><\/div><\/div><\/div><\/div><\/div><\/div><\/div><\/div><\/div><\/div><\/div><\/div><\/div>\n      \n      \n                    <\/div>\n                <\/div>\n              <\/div>\n            <\/div>\n          <\/div>\n        <\/div>\n      <\/div>\n    <\/div>\n  <\/div>\n  <div data-colibri-component=\"section\" data-colibri-id=\"56-c52\" id=\"ajuntament-i-casal\" class=\"h-section h-section-global-spacing d-flex align-items-lg-center align-items-md-center align-items-center style-1967 style-local-56-c52 position-relative\">\n    <!---->\n    <!---->\n    <div class=\"h-section-grid-container h-section-boxed-container\">\n      <!---->\n      <div data-colibri-id=\"56-c53\" class=\"h-row-container gutters-row-lg-2 gutters-row-md-2 gutters-row-0 gutters-row-v-lg-2 gutters-row-v-md-2 gutters-row-v-2 style-1968 style-local-56-c53 position-relative\">\n        <!---->\n        <div class=\"h-row justify-content-lg-center justify-content-md-center justify-content-center align-items-lg-stretch align-items-md-stretch align-items-stretch gutters-col-lg-2 gutters-col-md-2 gutters-col-0 gutters-col-v-lg-2 gutters-col-v-md-2 gutters-col-v-2\">\n          <!---->\n          <div class=\"h-column h-column-container d-flex h-col-lg-auto h-col-md-auto h-col-auto style-1969-outer style-local-56-c54-outer\">\n            <div data-colibri-id=\"56-c54\" class=\"d-flex h-flex-basis h-column__inner h-px-lg-2 h-px-md-2 h-px-2 v-inner-lg-2 v-inner-md-2 v-inner-2 style-1969 style-local-56-c54 position-relative\">\n              <!---->\n              <!---->\n              <div class=\"w-100 h-y-container h-column__content h-column__v-align flex-basis-100 align-self-lg-start align-self-md-start align-self-start\">\n                <!---->\n                <div data-colibri-id=\"56-c55\" class=\"d-block style-349 style-local-56-c55 position-relative h-element\">\n                  <!---->\n                  <div class=\"h-image__frame-container-outer\">\n                    <a href=\"http:\/\/www.esplugadefrancoli.cat\" h-use-smooth-scroll=\"true\" class=\"image-link\">\n                      <div class=\"h-image__frame-container\">\n                        <!---->\n                        <!---->\n                        <img data-recalc-dims=\"1\" loading=\"lazy\" decoding=\"async\" width=\"587\" height=\"186\" src=\"https:\/\/i0.wp.com\/www.pastoretsdelespluga.cat\/wp-content\/uploads\/2021\/11\/MARCA-AEF_2-COLOR.png?resize=587%2C186\" class=\"wp-image-240 style-349-image style-local-56-c55-image\" alt=\"\" srcset=\"https:\/\/i0.wp.com\/www.pastoretsdelespluga.cat\/wp-content\/uploads\/2021\/11\/MARCA-AEF_2-COLOR.png?w=587&amp;ssl=1 587w, https:\/\/i0.wp.com\/www.pastoretsdelespluga.cat\/wp-content\/uploads\/2021\/11\/MARCA-AEF_2-COLOR.png?resize=300%2C95&amp;ssl=1 300w\" sizes=\"auto, (max-width: 587px) 100vw, 587px\" \/>\n                        <div class=\"h-image__frame h-hide-lg h-hide-md h-hide-sm style-349-frameImage style-local-56-c55-frameImage\"><\/div>\n                      <\/div>\n                    <\/a>\n                  <\/div>\n                <\/div>\n              <\/div>\n            <\/div>\n          <\/div>\n          <div class=\"h-column h-column-container d-flex h-col-lg-auto h-col-md-auto h-col-auto style-1970-outer style-local-56-c56-outer\">\n            <div data-colibri-id=\"56-c56\" class=\"d-flex h-flex-basis h-column__inner h-px-lg-2 h-px-md-2 h-px-2 v-inner-lg-2 v-inner-md-2 v-inner-2 style-1970 style-local-56-c56 position-relative\">\n              <!---->\n              <!---->\n              <div class=\"w-100 h-y-container h-column__content h-column__v-align flex-basis-100 align-self-lg-start align-self-md-start align-self-start\">\n                <!---->\n                <div data-colibri-id=\"56-c57\" class=\"d-block style-350 style-local-56-c57 position-relative h-element\">\n                  <!---->\n                  <div class=\"h-image__frame-container-outer\">\n                    <a href=\"http:\/\/www.casaldelespluga.cat\" h-use-smooth-scroll=\"true\" class=\"image-link\">\n                      <div class=\"h-image__frame-container\">\n                        <!---->\n                        <!---->\n                        <img data-recalc-dims=\"1\" loading=\"lazy\" decoding=\"async\" width=\"587\" height=\"186\" src=\"https:\/\/i0.wp.com\/www.pastoretsdelespluga.cat\/wp-content\/uploads\/2021\/11\/Logo-Casal-de-lEspluga_negre.png?resize=587%2C186\" class=\"wp-image-249 style-350-image style-local-56-c57-image\" alt=\"\" srcset=\"https:\/\/i0.wp.com\/www.pastoretsdelespluga.cat\/wp-content\/uploads\/2021\/11\/Logo-Casal-de-lEspluga_negre.png?w=587&amp;ssl=1 587w, https:\/\/i0.wp.com\/www.pastoretsdelespluga.cat\/wp-content\/uploads\/2021\/11\/Logo-Casal-de-lEspluga_negre.png?resize=300%2C95&amp;ssl=1 300w\" sizes=\"auto, (max-width: 587px) 100vw, 587px\" \/>\n                        <div class=\"h-image__frame h-hide-lg h-hide-md h-hide-sm style-350-frameImage style-local-56-c57-frameImage\"><\/div>\n                      <\/div>\n                    <\/a>\n                  <\/div>\n                <\/div>\n              <\/div>\n            <\/div>\n          <\/div>\n        <\/div>\n      <\/div>\n    <\/div>\n  <\/div>\n  <div data-colibri-component=\"section\" data-colibri-id=\"56-c62\" id=\"coordinadora\" class=\"h-section h-section-global-spacing d-flex align-items-lg-center align-items-md-center align-items-center style-227 style-local-56-c62 position-relative\">\n    <!---->\n    <!---->\n    <div class=\"h-section-grid-container h-section-boxed-container\">\n      <!---->\n      <div data-colibri-id=\"56-c63\" class=\"h-row-container gutters-row-lg-2 gutters-row-md-2 gutters-row-2 gutters-row-v-lg-2 gutters-row-v-md-2 gutters-row-v-2 style-228 style-local-56-c63 position-relative\">\n        <!---->\n        <div class=\"h-row justify-content-lg-center justify-content-md-center justify-content-center align-items-lg-stretch align-items-md-stretch align-items-stretch gutters-col-lg-2 gutters-col-md-2 gutters-col-2 gutters-col-v-lg-2 gutters-col-v-md-2 gutters-col-v-2\">\n          <!---->\n          <div class=\"h-column h-column-container d-flex h-col-lg-auto h-col-md-auto h-col-auto style-229-outer style-local-56-c64-outer\">\n            <div data-colibri-id=\"56-c64\" class=\"d-flex h-flex-basis h-column__inner h-px-lg-2 h-px-md-2 h-px-2 v-inner-lg-2 v-inner-md-2 v-inner-2 style-229 style-local-56-c64 position-relative\">\n              <!---->\n              <!---->\n              <div class=\"w-100 h-y-container h-column__content h-column__v-align flex-basis-100 align-self-lg-center align-self-md-center align-self-center\">\n                <!---->\n                <div data-colibri-id=\"56-c65\" class=\"h-global-transition-all h-heading style-230 style-local-56-c65 position-relative h-element\">\n                  <!---->\n                  <div class=\"h-heading__outer style-230 style-local-56-c65\">\n                    <!---->\n                    <!---->\n                    <h2 class=\"\">Coordinadora de Pastorets de Catalunya<\/h2>\n                  <\/div>\n                <\/div>\n                <div data-colibri-id=\"56-c66\" class=\"h-lead h-text h-text-component style-231 style-local-56-c66 position-relative h-element\">\n                  <!---->\n                  <!---->\n                  <div class=\"\">\n                    <p>Els Pastorets de l&#8217;Espluga de Francol\u00ed s\u00f3n membres de la xarxa d&#8217;entitats i grups que representen les diferents versions i textos dels Pastorets a Catalunya, creada com a associaci\u00f3 coordinadora l&#8217;any 2006. L&#8217;agrupaci\u00f3 espluguina ha\n                      format part de la Junta Directiva de la Coordinadora. El setembre de l&#8217;any 2019, la candidatura de l&#8217;Espluga de Francol\u00ed va ser escollida per acollir el IV Congr\u00e9s de Pastorets de Catalunya que se celebrar\u00e0 l&#8217;any vinent.&nbsp;<\/p>\n                  <\/div>\n                <\/div>\n                <div data-colibri-id=\"56-c67\" class=\"h-x-container style-225 style-local-56-c67 position-relative h-element\">\n                  <!---->\n                  <div class=\"h-x-container-inner style-dynamic-56-c67-group style-225-spacing style-local-56-c67-spacing\"><span class=\"h-button__outer style-198-outer style-local-56-c68-outer d-inline-flex h-element\"><a h-use-smooth-scroll=\"true\" href=\"https:\/\/www.pastoretsdecatalunya.cat\/\"  data-colibri-id=\"56-c68\" class=\"d-flex w-100 align-items-center h-button justify-content-lg-center justify-content-md-center justify-content-center style-198 style-local-56-c68 position-relative\"><!----><!----> <span>Els Pastorets a Catalunya<\/span><\/a>\n                    <\/span>\n                  <\/div>\n                <\/div>\n              <\/div>\n            <\/div>\n          <\/div>\n          <div class=\"h-column h-column-container d-flex h-col-lg-auto h-col-md-auto h-col-auto style-232-outer style-local-56-c69-outer\">\n            <div data-colibri-id=\"56-c69\" class=\"d-flex h-flex-basis h-column__inner h-px-lg-2 h-px-md-2 h-px-2 v-inner-lg-2 v-inner-md-2 v-inner-2 style-232 style-local-56-c69 position-relative\">\n              <!---->\n              <!---->\n              <div class=\"w-100 h-y-container h-column__content h-column__v-align flex-basis-100 align-self-lg-start align-self-md-start align-self-start\">\n                <!---->\n                <div data-colibri-id=\"56-c70\" class=\"d-block style-221 style-local-56-c70 position-relative h-element\">\n                  <!---->\n                  <div class=\"h-image__frame-container-outer\">\n                    <div class=\"h-image__frame-container\">\n                      <!---->\n                      <!---->\n                      <img data-recalc-dims=\"1\" loading=\"lazy\" decoding=\"async\" width=\"1895\" height=\"460\" src=\"https:\/\/i0.wp.com\/www.pastoretsdelespluga.cat\/wp-content\/uploads\/2021\/11\/cropped-1-Logo-CPC-Color-Photoshop-320mm.png?resize=1895%2C460\" class=\"wp-image-124 style-221-image style-local-56-c70-image\" alt=\"\" srcset=\"https:\/\/i0.wp.com\/www.pastoretsdelespluga.cat\/wp-content\/uploads\/2021\/11\/cropped-1-Logo-CPC-Color-Photoshop-320mm.png?w=1895&amp;ssl=1 1895w, https:\/\/i0.wp.com\/www.pastoretsdelespluga.cat\/wp-content\/uploads\/2021\/11\/cropped-1-Logo-CPC-Color-Photoshop-320mm.png?resize=300%2C73&amp;ssl=1 300w, https:\/\/i0.wp.com\/www.pastoretsdelespluga.cat\/wp-content\/uploads\/2021\/11\/cropped-1-Logo-CPC-Color-Photoshop-320mm.png?resize=1024%2C249&amp;ssl=1 1024w, https:\/\/i0.wp.com\/www.pastoretsdelespluga.cat\/wp-content\/uploads\/2021\/11\/cropped-1-Logo-CPC-Color-Photoshop-320mm.png?resize=768%2C186&amp;ssl=1 768w, https:\/\/i0.wp.com\/www.pastoretsdelespluga.cat\/wp-content\/uploads\/2021\/11\/cropped-1-Logo-CPC-Color-Photoshop-320mm.png?resize=1536%2C373&amp;ssl=1 1536w\" sizes=\"auto, (max-width: 1000px) 100vw, 1000px\" \/>\n                      <div class=\"h-image__frame h-hide-lg h-hide-md h-hide-sm style-221-frameImage style-local-56-c70-frameImage\"><\/div>\n                    <\/div>\n                  <\/div>\n                <\/div>\n              <\/div>\n            <\/div>\n          <\/div>\n        <\/div>\n      <\/div>\n    <\/div>\n  <\/div>\n  <div data-colibri-component=\"section\" data-colibri-id=\"56-c71\" id=\"teatea\" class=\"h-section h-section-global-spacing d-flex align-items-lg-center align-items-md-center align-items-center style-218 style-local-56-c71 position-relative\">\n    <!---->\n    <!---->\n    <div class=\"h-section-grid-container h-section-boxed-container\">\n      <!---->\n      <div data-colibri-id=\"56-c72\" class=\"h-row-container gutters-row-lg-2 gutters-row-md-2 gutters-row-2 gutters-row-v-lg-2 gutters-row-v-md-2 gutters-row-v-2 style-219 style-local-56-c72 position-relative\">\n        <!---->\n        <div class=\"h-row justify-content-lg-center justify-content-md-center justify-content-center align-items-lg-stretch align-items-md-stretch align-items-stretch gutters-col-lg-2 gutters-col-md-2 gutters-col-2 gutters-col-v-lg-2 gutters-col-v-md-2 gutters-col-v-2\">\n          <!---->\n          <div class=\"h-column h-column-container d-flex h-col-lg-auto h-col-md-auto h-col-auto style-220-outer style-local-56-c73-outer\">\n            <div data-colibri-id=\"56-c73\" class=\"d-flex h-flex-basis h-column__inner h-px-lg-2 h-px-md-2 h-px-2 v-inner-lg-2 v-inner-md-2 v-inner-2 style-220 style-local-56-c73 position-relative\">\n              <!---->\n              <!---->\n              <div class=\"w-100 h-y-container h-column__content h-column__v-align flex-basis-100 align-self-lg-start align-self-md-start align-self-start\">\n                <!---->\n                <div data-colibri-id=\"56-c74\" class=\"d-block style-221 style-local-56-c74 position-relative h-element\">\n                  <!---->\n                  <div class=\"h-image__frame-container-outer\">\n                    <div class=\"h-image__frame-container\">\n                      <!---->\n                      <!---->\n                      <img data-recalc-dims=\"1\" loading=\"lazy\" decoding=\"async\" width=\"2381\" height=\"1463\" src=\"https:\/\/i0.wp.com\/www.pastoretsdelespluga.cat\/wp-content\/uploads\/2021\/11\/cropped-logo_TRATEA_amb_texte_transparent.png?resize=2381%2C1463\" class=\"wp-image-122 style-221-image style-local-56-c74-image\" alt=\"\" srcset=\"https:\/\/i0.wp.com\/www.pastoretsdelespluga.cat\/wp-content\/uploads\/2021\/11\/cropped-logo_TRATEA_amb_texte_transparent.png?w=2381&amp;ssl=1 2381w, https:\/\/i0.wp.com\/www.pastoretsdelespluga.cat\/wp-content\/uploads\/2021\/11\/cropped-logo_TRATEA_amb_texte_transparent.png?resize=300%2C184&amp;ssl=1 300w, https:\/\/i0.wp.com\/www.pastoretsdelespluga.cat\/wp-content\/uploads\/2021\/11\/cropped-logo_TRATEA_amb_texte_transparent.png?resize=1024%2C629&amp;ssl=1 1024w, https:\/\/i0.wp.com\/www.pastoretsdelespluga.cat\/wp-content\/uploads\/2021\/11\/cropped-logo_TRATEA_amb_texte_transparent.png?resize=768%2C472&amp;ssl=1 768w, https:\/\/i0.wp.com\/www.pastoretsdelespluga.cat\/wp-content\/uploads\/2021\/11\/cropped-logo_TRATEA_amb_texte_transparent.png?resize=1536%2C944&amp;ssl=1 1536w, https:\/\/i0.wp.com\/www.pastoretsdelespluga.cat\/wp-content\/uploads\/2021\/11\/cropped-logo_TRATEA_amb_texte_transparent.png?resize=2048%2C1258&amp;ssl=1 2048w\" sizes=\"auto, (max-width: 1000px) 100vw, 1000px\" \/>\n                      <div class=\"h-image__frame h-hide-lg h-hide-md h-hide-sm style-221-frameImage style-local-56-c74-frameImage\"><\/div>\n                    <\/div>\n                  <\/div>\n                <\/div>\n              <\/div>\n            <\/div>\n          <\/div>\n          <div class=\"h-column h-column-container d-flex h-col-lg-auto h-col-md-auto h-col-auto style-222-outer style-local-56-c75-outer\">\n            <div data-colibri-id=\"56-c75\" class=\"d-flex h-flex-basis h-column__inner h-px-lg-2 h-px-md-2 h-px-2 v-inner-lg-2 v-inner-md-2 v-inner-2 style-222 style-local-56-c75 position-relative\">\n              <!---->\n              <!---->\n              <div class=\"w-100 h-y-container h-column__content h-column__v-align flex-basis-100 align-self-lg-center align-self-md-center align-self-center\">\n                <!---->\n                <div data-colibri-id=\"56-c76\" class=\"h-global-transition-all h-heading style-223 style-local-56-c76 position-relative h-element\">\n                  <!---->\n                  <div class=\"h-heading__outer style-223 style-local-56-c76\">\n                    <!---->\n                    <!---->\n                    <h2 class=\"\">Tratea Teatre del Casal de l&#8217;Espluga de Francol\u00ed<\/h2>\n                  <\/div>\n                <\/div>\n                <div data-colibri-id=\"56-c77\" class=\"h-lead h-text h-text-component style-224 style-local-56-c77 position-relative h-element\">\n                  <!---->\n                  <!---->\n                  <div class=\"\">\n                    <p>Els Pastorets de l&#8217;Espluga de Francol\u00ed s\u00f3n, actualment, una producci\u00f3 de la secci\u00f3 de teatre del Casal de l&#8217;Espluga, fundada el 1965, impulsora de l&#8217;espectacle nadalenc des de 1976. La companyia Tratea Teatre representa obres teatrals\n                      de tots els estils, tan a l&#8217;escenari esplugu\u00ed com arreu del territori.&nbsp;<\/p>\n                  <\/div>\n                <\/div>\n                <div data-colibri-id=\"56-c78\" class=\"h-x-container style-225 style-local-56-c78 position-relative h-element\">\n                  <!---->\n                  <div class=\"h-x-container-inner style-dynamic-56-c78-group style-225-spacing style-local-56-c78-spacing\"><span class=\"h-button__outer style-226-outer style-local-56-c79-outer d-inline-flex h-element\"><a h-use-smooth-scroll=\"true\" href=\"http:\/\/www.pastoretsdelespluga.cat\/index.php\/trateateatre\/\"  data-colibri-id=\"56-c79\" class=\"d-flex w-100 align-items-center h-button justify-content-lg-center justify-content-md-center justify-content-center style-226 style-local-56-c79 position-relative\"><!----><!----> <span>LA COMPANYIA DE TEATRE<\/span><\/a>\n                    <\/span>\n                  <\/div>\n                <\/div>\n              <\/div>\n            <\/div>\n          <\/div>\n        <\/div>\n      <\/div>\n    <\/div>\n  <\/div>\n  <div data-colibri-component=\"section\" data-colibri-id=\"56-c80\" id=\"conte\" class=\"h-section h-section-global-spacing d-flex align-items-lg-center align-items-md-center align-items-center style-203 style-local-56-c80 position-relative\">\n    <!---->\n    <!---->\n    <div class=\"h-section-grid-container h-section-fluid-container\">\n      <div data-colibri-id=\"56-c88\" class=\"h-row-container gutters-row-lg-2 gutters-row-md-2 gutters-row-2 gutters-row-v-lg-2 gutters-row-v-md-2 gutters-row-v-2 style-211 style-local-56-c88 position-relative\">\n        <!---->\n        <div class=\"h-row justify-content-lg-center justify-content-md-center justify-content-center align-items-lg-stretch align-items-md-stretch align-items-stretch gutters-col-lg-2 gutters-col-md-2 gutters-col-2 gutters-col-v-lg-2 gutters-col-v-md-2 gutters-col-v-2\">\n          <!---->\n          <div class=\"h-column h-column-container d-flex h-col-lg-auto h-col-md-auto h-col-auto style-212-outer style-local-56-c89-outer\">\n            <div data-colibri-id=\"56-c89\" class=\"d-flex h-flex-basis h-column__inner h-px-lg-2 h-px-md-2 h-px-2 v-inner-lg-2 v-inner-md-2 v-inner-2 style-212 style-local-56-c89 position-relative\">\n              <!---->\n              <!---->\n              <div class=\"w-100 h-y-container h-column__content h-column__v-align flex-basis-100 align-self-lg-start align-self-md-start align-self-start\">\n                <!---->\n                <div data-colibri-id=\"56-c90\" class=\"h-global-transition-all h-heading style-213 style-local-56-c90 position-relative h-element\">\n                  <!---->\n                  <div class=\"h-heading__outer style-213 style-local-56-c90\">\n                    <!---->\n                    <!---->\n                    <h6 class=\"\">el conte dels pastorets de l&#8217;espluga de francol\u00ed<\/h6>\n                  <\/div>\n                <\/div>\n                <div data-colibri-id=\"56-c91\" class=\"h-global-transition-all h-heading style-214 style-local-56-c91 position-relative h-element\">\n                  <!---->\n                  <div class=\"h-heading__outer style-214 style-local-56-c91\">\n                    <!---->\n                    <!---->\n                    <h3 class=\"\">Els Pastorets&nbsp;<em style=\"font-weight: 400; font-family: &quot;Playfair Display&quot;;\">i la samarra d&#8217;en Gets\u00e8<\/em><\/h3>\n                  <\/div>\n                <\/div>\n                <div data-colibri-id=\"56-c92\" class=\"h-lead h-text h-text-component style-215 style-local-56-c92 position-relative h-element\">\n                  <!---->\n                  <!---->\n                  <div class=\"\">\n                    <p>L&#8217;any 2018 l&#8217;editorial La Musca es va inspirar en els Pastorets de l&#8217;Espluga de Francol\u00ed per donar vida als personatges del conte &#8216;Els Pastorets i la samarra d&#8217;en Gets\u00e8&#8217; amb text de David Ort\u00edn i il\u00b7lustracions de Joan Vizcarra. Es\n                      tracta d&#8217;una versi\u00f3 m\u00e9s divertida del cl\u00e0ssic en la qual en Lluquet i en Rovell\u00f3 viuen noves aventures. Els personatges del conte vesteixen igual que els dels Pastorets de l&#8217;Espluga de Francol\u00ed.<\/p>\n                  <\/div>\n                <\/div>\n                <div data-colibri-id=\"56-c93\" class=\"h-x-container style-216 style-local-56-c93 position-relative h-element\">\n                  <!---->\n                  <div class=\"h-x-container-inner style-dynamic-56-c93-group style-216-spacing style-local-56-c93-spacing\"><span class=\"h-button__outer style-217-outer style-local-56-c94-outer d-inline-flex h-element\"><a h-use-smooth-scroll=\"true\" href=\"http:\/\/lamusca.cat\/producte\/llibre-els-pastorets\/\"  data-colibri-id=\"56-c94\" class=\"d-flex w-100 align-items-center h-button justify-content-lg-center justify-content-md-center justify-content-center style-217 style-local-56-c94 position-relative\"><!----><!----> <span>BOTIGA ON-LINE<\/span><\/a>\n                    <\/span>\n                  <\/div>\n                <\/div>\n              <\/div>\n            <\/div>\n          <\/div>\n        <\/div>\n      <\/div>\n      <div data-colibri-id=\"56-c81\" class=\"h-row-container gutters-row-lg-0 gutters-row-md-0 gutters-row-0 gutters-row-v-lg-2 gutters-row-v-md-2 gutters-row-v-2 style-204 style-local-56-c81 position-relative\">\n        <!---->\n        <div class=\"h-row justify-content-lg-center justify-content-md-center justify-content-center align-items-lg-center align-items-md-center align-items-center gutters-col-lg-0 gutters-col-md-0 gutters-col-0 gutters-col-v-lg-2 gutters-col-v-md-2 gutters-col-v-2\">\n          <!---->\n          <div class=\"h-column h-column-container d-flex h-col-lg-auto h-col-md-auto h-col-auto align-self-lg-center align-self-md-center align-self-center style-205-outer style-local-56-c82-outer\">\n            <div data-colibri-id=\"56-c82\" class=\"d-flex h-flex-basis h-column__inner h-px-lg-0 h-px-md-0 h-px-0 v-inner-lg-0 v-inner-md-0 v-inner-0 style-205 style-local-56-c82 position-relative\">\n              <!---->\n              <!---->\n              <div class=\"w-100 h-y-container h-column__content h-column__v-align flex-basis-100 align-self-lg-start align-self-md-start align-self-start\">\n                <!---->\n                <div data-colibri-id=\"56-c83\" class=\"d-block style-206 style-local-56-c83 position-relative h-element\">\n                  <!---->\n                  <div class=\"h-image__frame-container-outer\">\n                    <a href=\"http:\/\/lamusca.cat\/producte\/llibre-els-pastorets\/\" h-use-smooth-scroll=\"true\" class=\"image-link\">\n                      <div class=\"h-image__frame-container\">\n                        <!---->\n                        <!---->\n                        <img data-recalc-dims=\"1\" loading=\"lazy\" decoding=\"async\" width=\"2701\" height=\"2704\" src=\"https:\/\/i0.wp.com\/www.pastoretsdelespluga.cat\/wp-content\/uploads\/2021\/11\/cropped-Portada-Els-Pastorets.png?resize=2701%2C2704\" class=\"wp-image-126 style-206-image style-local-56-c83-image\" alt=\"\" srcset=\"https:\/\/i0.wp.com\/www.pastoretsdelespluga.cat\/wp-content\/uploads\/2021\/11\/cropped-Portada-Els-Pastorets.png?w=2701&amp;ssl=1 2701w, https:\/\/i0.wp.com\/www.pastoretsdelespluga.cat\/wp-content\/uploads\/2021\/11\/cropped-Portada-Els-Pastorets.png?resize=300%2C300&amp;ssl=1 300w, https:\/\/i0.wp.com\/www.pastoretsdelespluga.cat\/wp-content\/uploads\/2021\/11\/cropped-Portada-Els-Pastorets.png?resize=1024%2C1024&amp;ssl=1 1024w, https:\/\/i0.wp.com\/www.pastoretsdelespluga.cat\/wp-content\/uploads\/2021\/11\/cropped-Portada-Els-Pastorets.png?resize=150%2C150&amp;ssl=1 150w, https:\/\/i0.wp.com\/www.pastoretsdelespluga.cat\/wp-content\/uploads\/2021\/11\/cropped-Portada-Els-Pastorets.png?resize=768%2C769&amp;ssl=1 768w, https:\/\/i0.wp.com\/www.pastoretsdelespluga.cat\/wp-content\/uploads\/2021\/11\/cropped-Portada-Els-Pastorets.png?resize=1534%2C1536&amp;ssl=1 1534w, https:\/\/i0.wp.com\/www.pastoretsdelespluga.cat\/wp-content\/uploads\/2021\/11\/cropped-Portada-Els-Pastorets.png?resize=2046%2C2048&amp;ssl=1 2046w\" sizes=\"auto, (max-width: 1000px) 100vw, 1000px\" \/>\n                        <div class=\"h-image__frame h-hide-lg h-hide-md h-hide-sm style-206-frameImage style-local-56-c83-frameImage\"><\/div>\n                      <\/div>\n                    <\/a>\n                  <\/div>\n                <\/div>\n              <\/div>\n            <\/div>\n          <\/div>\n          <div class=\"h-column h-column-container d-flex h-col-lg-auto h-col-md-auto h-col-auto align-self-lg-center align-self-md-center align-self-center style-207-outer style-local-56-c84-outer\">\n            <div data-colibri-id=\"56-c84\" class=\"d-flex h-flex-basis h-column__inner h-px-lg-0 h-px-md-0 h-px-0 v-inner-lg-0 v-inner-md-0 v-inner-0 style-207 style-local-56-c84 position-relative\">\n              <!---->\n              <!---->\n              <div class=\"w-100 h-y-container h-column__content h-column__v-align flex-basis-100 align-self-lg-start align-self-md-start align-self-start\">\n                <!---->\n                <div data-colibri-id=\"56-c85\" class=\"d-block style-208 style-local-56-c85 position-relative h-element\">\n                  <!---->\n                  <div class=\"h-image__frame-container-outer\">\n                    <div class=\"h-image__frame-container\">\n                      <!---->\n                      <!---->\n                      <img data-recalc-dims=\"1\" loading=\"lazy\" decoding=\"async\" width=\"2560\" height=\"1524\" src=\"https:\/\/i0.wp.com\/www.pastoretsdelespluga.cat\/wp-content\/uploads\/2021\/11\/cropped-IMG_1057-scaled-1.jpg?resize=2560%2C1524\" class=\"wp-image-130 style-208-image style-local-56-c85-image\" alt=\"\" srcset=\"https:\/\/i0.wp.com\/www.pastoretsdelespluga.cat\/wp-content\/uploads\/2021\/11\/cropped-IMG_1057-scaled-1.jpg?w=2560&amp;ssl=1 2560w, https:\/\/i0.wp.com\/www.pastoretsdelespluga.cat\/wp-content\/uploads\/2021\/11\/cropped-IMG_1057-scaled-1.jpg?resize=300%2C179&amp;ssl=1 300w, https:\/\/i0.wp.com\/www.pastoretsdelespluga.cat\/wp-content\/uploads\/2021\/11\/cropped-IMG_1057-scaled-1.jpg?resize=1024%2C610&amp;ssl=1 1024w, https:\/\/i0.wp.com\/www.pastoretsdelespluga.cat\/wp-content\/uploads\/2021\/11\/cropped-IMG_1057-scaled-1.jpg?resize=768%2C457&amp;ssl=1 768w, https:\/\/i0.wp.com\/www.pastoretsdelespluga.cat\/wp-content\/uploads\/2021\/11\/cropped-IMG_1057-scaled-1.jpg?resize=1536%2C914&amp;ssl=1 1536w, https:\/\/i0.wp.com\/www.pastoretsdelespluga.cat\/wp-content\/uploads\/2021\/11\/cropped-IMG_1057-scaled-1.jpg?resize=2048%2C1219&amp;ssl=1 2048w\" sizes=\"auto, (max-width: 1000px) 100vw, 1000px\" \/>\n                      <div class=\"h-image__frame h-hide-lg h-hide-md h-hide-sm style-208-frameImage style-local-56-c85-frameImage\"><\/div>\n                    <\/div>\n                  <\/div>\n                <\/div>\n              <\/div>\n            <\/div>\n          <\/div>\n          <div class=\"h-column h-column-container d-flex h-col-lg-auto h-col-md-auto h-col-auto align-self-lg-center align-self-md-center align-self-center style-209-outer style-local-56-c86-outer\">\n            <div data-colibri-id=\"56-c86\" class=\"d-flex h-flex-basis h-column__inner h-px-lg-0 h-px-md-0 h-px-0 v-inner-lg-0 v-inner-md-0 v-inner-0 style-209 style-local-56-c86 position-relative\">\n              <!---->\n              <!---->\n              <div class=\"w-100 h-y-container h-column__content h-column__v-align flex-basis-100 align-self-lg-start align-self-md-start align-self-start\">\n                <!---->\n                <div data-colibri-id=\"56-c87\" class=\"d-block style-210 style-local-56-c87 position-relative h-element\">\n                  <!---->\n                  <div class=\"h-image__frame-container-outer\">\n                    <a href=\"https:\/\/www.youtube.com\/watch?v=KAgl3qZNwsw\" h-use-smooth-scroll=\"true\" class=\"image-link\">\n                      <div class=\"h-image__frame-container\">\n                        <!---->\n                        <!---->\n                        <img data-recalc-dims=\"1\" loading=\"lazy\" decoding=\"async\" width=\"1500\" height=\"1000\" src=\"https:\/\/i0.wp.com\/www.pastoretsdelespluga.cat\/wp-content\/uploads\/2021\/11\/IMG_1066.jpg?resize=1500%2C1000\" class=\"wp-image-128 style-210-image style-local-56-c87-image\" alt=\"\" srcset=\"https:\/\/i0.wp.com\/www.pastoretsdelespluga.cat\/wp-content\/uploads\/2021\/11\/IMG_1066.jpg?w=1500&amp;ssl=1 1500w, https:\/\/i0.wp.com\/www.pastoretsdelespluga.cat\/wp-content\/uploads\/2021\/11\/IMG_1066.jpg?resize=300%2C200&amp;ssl=1 300w, https:\/\/i0.wp.com\/www.pastoretsdelespluga.cat\/wp-content\/uploads\/2021\/11\/IMG_1066.jpg?resize=1024%2C683&amp;ssl=1 1024w, https:\/\/i0.wp.com\/www.pastoretsdelespluga.cat\/wp-content\/uploads\/2021\/11\/IMG_1066.jpg?resize=768%2C512&amp;ssl=1 768w\" sizes=\"auto, (max-width: 1000px) 100vw, 1000px\" \/>\n                        <div class=\"h-image__frame h-hide-lg h-hide-md h-hide-sm style-210-frameImage style-local-56-c87-frameImage\"><\/div>\n                      <\/div>\n                    <\/a>\n                  <\/div>\n                <\/div>\n              <\/div>\n            <\/div>\n          <\/div>\n        <\/div>\n      <\/div>\n    <\/div>\n  <\/div>\n  <div data-colibri-component=\"section\" data-colibri-id=\"56-c95\" id=\"portfoli\" class=\"h-section h-section-global-spacing d-flex align-items-lg-center align-items-md-center align-items-center style-233 style-local-56-c95 position-relative\">\n    <!---->\n    <!---->\n    <div class=\"h-section-grid-container h-section-fluid-container\">\n      <!---->\n      <div data-colibri-id=\"56-c96\" class=\"h-row-container gutters-row-lg-0 gutters-row-md-0 gutters-row-0 gutters-row-v-lg-0 gutters-row-v-md-0 gutters-row-v-0 style-234 style-local-56-c96 position-relative\">\n        <!---->\n        <div class=\"h-row justify-content-lg-center justify-content-md-center justify-content-center align-items-lg-stretch align-items-md-stretch align-items-stretch gutters-col-lg-0 gutters-col-md-0 gutters-col-0 gutters-col-v-lg-0 gutters-col-v-md-0 gutters-col-v-0\">\n          <!---->\n          <div class=\"h-column h-column-container d-flex h-col-lg-4 h-col-md-4 h-col-12 style-235-outer style-local-56-c97-outer\">\n            <div data-colibri-id=\"56-c97\" class=\"d-flex h-flex-basis h-column__inner h-px-lg-0 h-px-md-0 h-px-0 v-inner-lg-0 v-inner-md-0 v-inner-0 style-235 style-local-56-c97 position-relative\">\n              <!---->\n              <!---->\n              <div class=\"w-100 h-y-container h-column__content h-column__v-align flex-basis-100 align-self-lg-start align-self-md-start align-self-start\">\n                <!---->\n                <div data-colibri-component=\"content-swap\" data-colibri-id=\"56-c98\" class=\"content-swap style-236 style-local-56-c98 position-relative h-element\">\n                  <!---->\n                  <div class=\"d-flex position-relative border-radius-inherit h-content-swap__overflow\">\n                    <div data-normal=\"\" data-colibri-id=\"56-c99\" class=\"h-content-swap__normal d-flex border-radius-inherit h-ui-empty-state-container hide-animation style-237 style-local-56-c99 position-relative\">\n                      <!---->\n                      <div class=\"w-100 h-y-container\">\n                        <!---->\n                      <\/div>\n                    <\/div>\n                    <div data-hover=\"\" data-colibri-component=\"link\" data-href=\"\" data-colibri-id=\"56-c100\" class=\"h-content-swap-hover-container animated h-content-swap__hover d-flex border-radius-inherit fadeIn justify-content-lg-center justify-content-md-center justify-content-center style-238 style-local-56-c100 position-relative\"\n                      style=\"display: none;\">\n                      <!---->\n                      <div class=\"w-100 h-y-container align-self-lg-center align-self-md-center align-self-center\">\n                        <!---->\n                        <div data-colibri-id=\"56-c101\" class=\"h-global-transition-all h-heading style-239 style-local-56-c101 position-relative h-element\">\n                          <!---->\n                          <div class=\"h-heading__outer style-239 style-local-56-c101\">\n                            <!---->\n                            <!---->\n                            <h6 class=\"\">QU\u00c8 DIU PREMSA?<\/h6>\n                          <\/div>\n                        <\/div>\n                        <div data-colibri-id=\"56-c102\" class=\"h-x-container style-240 style-local-56-c102 position-relative h-element\">\n                          <!---->\n                          <div class=\"h-x-container-inner style-dynamic-56-c102-group style-240-spacing style-local-56-c102-spacing\"><span class=\"h-button__outer style-241-outer style-local-56-c103-outer d-inline-flex h-element\"><a h-use-smooth-scroll=\"true\" href=\"https:\/\/www.efmr.cat\/blog\/2025\/12\/29\/els-pastorets-de-lespluga-de-francoli-estrenen-escenografia-davant-de-mes-de-1500-espectadors\/\"  data-colibri-id=\"56-c103\" class=\"d-flex w-100 align-items-center h-button justify-content-lg-center justify-content-md-center justify-content-center style-241 style-local-56-c103 position-relative\"><!----><!----> <span>EFMR.cat<\/span><\/a>\n                            <\/span>\n                          <\/div>\n                        <\/div>\n                      <\/div>\n                    <\/div>\n                  <\/div>\n                <\/div>\n              <\/div>\n            <\/div>\n          <\/div>\n          <div class=\"h-column h-column-container d-flex h-col-lg-4 h-col-md-4 h-col-12 style-235-outer style-local-56-c104-outer\">\n            <div data-colibri-id=\"56-c104\" class=\"d-flex h-flex-basis h-column__inner h-px-lg-0 h-px-md-0 h-px-0 v-inner-lg-0 v-inner-md-0 v-inner-0 style-235 style-local-56-c104 position-relative\">\n              <!---->\n              <!---->\n              <div class=\"w-100 h-y-container h-column__content h-column__v-align flex-basis-100 align-self-lg-start align-self-md-start align-self-start\">\n                <!---->\n                <div data-colibri-component=\"content-swap\" data-colibri-id=\"56-c105\" class=\"content-swap style-242 style-local-56-c105 position-relative h-element\">\n                  <!---->\n                  <div class=\"d-flex position-relative border-radius-inherit h-content-swap__overflow\">\n                    <div data-normal=\"\" data-colibri-id=\"56-c106\" class=\"h-content-swap__normal d-flex border-radius-inherit h-ui-empty-state-container hide-animation style-243 style-local-56-c106 position-relative\">\n                      <!---->\n                      <div class=\"w-100 h-y-container\">\n                        <!---->\n                      <\/div>\n                    <\/div>\n                    <div data-hover=\"\" data-colibri-component=\"link\" data-href=\"\" data-colibri-id=\"56-c107\" class=\"h-content-swap-hover-container animated h-content-swap__hover d-flex border-radius-inherit fadeIn justify-content-lg-center justify-content-md-center justify-content-center style-244 style-local-56-c107 position-relative\"\n                      style=\"display: none;\">\n                      <!---->\n                      <div class=\"w-100 h-y-container align-self-lg-center align-self-md-center align-self-center\">\n                        <!---->\n                        <div data-colibri-id=\"56-c108\" class=\"h-global-transition-all h-heading style-239 style-local-56-c108 position-relative h-element\">\n                          <!---->\n                          <div class=\"h-heading__outer style-239 style-local-56-c108\">\n                            <!---->\n                            <!---->\n                            <h6 class=\"\">canal de youtube<\/h6>\n                          <\/div>\n                        <\/div>\n                        <div data-colibri-id=\"56-c109\" class=\"h-x-container style-240 style-local-56-c109 position-relative h-element\">\n                          <!---->\n                          <div class=\"h-x-container-inner style-dynamic-56-c109-group style-240-spacing style-local-56-c109-spacing\"><span class=\"h-button__outer style-245-outer style-local-56-c110-outer d-inline-flex h-element\"><a h-use-smooth-scroll=\"true\" href=\"https:\/\/www.youtube.com\/channel\/UCMq8wvBJ11PgMueUeCzYfxA\"  data-colibri-id=\"56-c110\" class=\"d-flex w-100 align-items-center h-button justify-content-lg-center justify-content-md-center justify-content-center style-245 style-local-56-c110 position-relative\"><!----><!----> <span>Entra-hi<\/span><\/a>\n                            <\/span>\n                          <\/div>\n                        <\/div>\n                      <\/div>\n                    <\/div>\n                  <\/div>\n                <\/div>\n              <\/div>\n            <\/div>\n          <\/div>\n          <div class=\"h-column h-column-container d-flex h-col-lg-4 h-col-md-4 h-col-12 style-235-outer style-local-56-c111-outer\">\n            <div data-colibri-id=\"56-c111\" class=\"d-flex h-flex-basis h-column__inner h-px-lg-0 h-px-md-0 h-px-0 v-inner-lg-0 v-inner-md-0 v-inner-0 style-235 style-local-56-c111 position-relative\">\n              <!---->\n              <!---->\n              <div class=\"w-100 h-y-container h-column__content h-column__v-align flex-basis-100 align-self-lg-start align-self-md-start align-self-start\">\n                <!---->\n                <div data-colibri-component=\"content-swap\" data-colibri-id=\"56-c112\" class=\"content-swap style-246 style-local-56-c112 position-relative h-element\">\n                  <!---->\n                  <div class=\"d-flex position-relative border-radius-inherit h-content-swap__overflow\">\n                    <div data-normal=\"\" data-colibri-id=\"56-c113\" class=\"h-content-swap__normal d-flex border-radius-inherit h-ui-empty-state-container hide-animation style-247 style-local-56-c113 position-relative\">\n                      <!---->\n                      <div class=\"w-100 h-y-container\">\n                        <!---->\n                      <\/div>\n                    <\/div>\n                    <div data-hover=\"\" data-colibri-component=\"link\" data-href=\"\" data-colibri-id=\"56-c114\" class=\"h-content-swap-hover-container animated h-content-swap__hover d-flex border-radius-inherit fadeIn justify-content-lg-center justify-content-md-center justify-content-center style-248 style-local-56-c114 position-relative\"\n                      style=\"display: none;\">\n                      <!---->\n                      <div class=\"w-100 h-y-container align-self-lg-center align-self-md-center align-self-center\">\n                        <!---->\n                        <div data-colibri-id=\"56-c115\" class=\"h-global-transition-all h-heading style-239 style-local-56-c115 position-relative h-element\">\n                          <!---->\n                          <div class=\"h-heading__outer style-239 style-local-56-c115\">\n                            <!---->\n                            <!---->\n                            <h6 class=\"\">instagram @pASTORETSDELESPLUGA<\/h6>\n                          <\/div>\n                        <\/div>\n                        <div data-colibri-id=\"56-c116\" class=\"h-x-container style-240 style-local-56-c116 position-relative h-element\">\n                          <!---->\n                          <div class=\"h-x-container-inner style-dynamic-56-c116-group style-240-spacing style-local-56-c116-spacing\"><span class=\"h-button__outer style-249-outer style-local-56-c117-outer d-inline-flex h-element\"><a h-use-smooth-scroll=\"true\" href=\"https:\/\/www.instagram.com\/pastoretsdelespluga\/\"  data-colibri-id=\"56-c117\" class=\"d-flex w-100 align-items-center h-button justify-content-lg-center justify-content-md-center justify-content-center style-249 style-local-56-c117 position-relative\"><!----><!----> <span>SEGUEIX-NOS<\/span><\/a>\n                            <\/span>\n                          <\/div>\n                        <\/div>\n                      <\/div>\n                    <\/div>\n                  <\/div>\n                <\/div>\n              <\/div>\n            <\/div>\n          <\/div>\n        <\/div>\n      <\/div>\n    <\/div>\n  <\/div>\n  <div data-colibri-component=\"section\" data-colibri-id=\"56-c118\" id=\"coneix-nos\" class=\"h-section h-section-global-spacing d-flex align-items-lg-center align-items-md-center align-items-center style-261 style-local-56-c118 position-relative\">\n    <div class=\"background-wrapper\">\n      <div class=\"background-layer background-layer-media-container-lg\">\n        <div data-enabled=\"true\" data-colibri-component=\"parallax\" class=\"background-layer paraxify\" model-id=\"56-c118\" media=\"desktop\" is-preview=\"true\" style=\"background-image: url(&quot;http:\/\/www.pastoretsdelespluga.cat\/wp-content\/uploads\/2021\/11\/cropped-CARTELL-PASTORETS-2021-scaled-2.jpg&quot;); background-position: center center;\">\n          <div class=\"resize-triggers\">\n            <div class=\"expand-trigger\">\n              <div style=\"width: 1px; height: 1px;\"><\/div>\n            <\/div>\n            <div class=\"contract-trigger\"><\/div>\n          <\/div>\n        <\/div>\n        <div class=\"overlay-layer\">\n          <div class=\"overlay-image-layer\" style=\"background-color: rgb(0, 0, 0); opacity: 0.5;\"><\/div>\n        <\/div>\n      <\/div>\n      <div class=\"background-layer background-layer-media-container-md\">\n        <div data-enabled=\"true\" data-colibri-component=\"parallax\" class=\"background-layer paraxify\" model-id=\"56-c118\" media=\"tablet\" is-preview=\"true\" style=\"background-image: url(&quot;http:\/\/www.pastoretsdelespluga.cat\/wp-content\/uploads\/2021\/11\/cropped-CARTELL-PASTORETS-2021-scaled-2.jpg&quot;); background-position: center center;\">\n          <div class=\"resize-triggers\">\n            <div class=\"expand-trigger\">\n              <div style=\"width: 1px; height: 1px;\"><\/div>\n            <\/div>\n            <div class=\"contract-trigger\"><\/div>\n          <\/div>\n        <\/div>\n        <div class=\"overlay-layer\">\n          <div class=\"overlay-image-layer\" style=\"background-color: rgb(0, 0, 0); opacity: 0.5;\"><\/div>\n        <\/div>\n      <\/div>\n      <div class=\"background-layer background-layer-media-container\">\n        <div data-enabled=\"true\" data-colibri-component=\"parallax\" class=\"background-layer paraxify\" model-id=\"56-c118\" media=\"mobile\" is-preview=\"true\" style=\"background-image: url(&quot;http:\/\/www.pastoretsdelespluga.cat\/wp-content\/uploads\/2021\/11\/cropped-CARTELL-PASTORETS-2021-scaled-2.jpg&quot;); background-position: center center;\">\n          <div class=\"resize-triggers\">\n            <div class=\"expand-trigger\">\n              <div style=\"width: 1px; height: 1px;\"><\/div>\n            <\/div>\n            <div class=\"contract-trigger\"><\/div>\n          <\/div>\n        <\/div>\n        <div class=\"overlay-layer\">\n          <div class=\"overlay-image-layer\" style=\"background-color: rgb(0, 0, 0); opacity: 0.5;\"><\/div>\n        <\/div>\n      <\/div>\n    <\/div>\n    <!---->\n    <div class=\"h-section-grid-container h-section-boxed-container\">\n      <!---->\n      <div data-colibri-id=\"56-c119\" class=\"h-row-container gutters-row-lg-2 gutters-row-md-2 gutters-row-0 gutters-row-v-lg-2 gutters-row-v-md-2 gutters-row-v-2 style-1334 style-local-56-c119 position-relative\">\n        <!---->\n        <div class=\"h-row justify-content-lg-center justify-content-md-center justify-content-center align-items-lg-stretch align-items-md-stretch align-items-stretch gutters-col-lg-2 gutters-col-md-2 gutters-col-0 gutters-col-v-lg-2 gutters-col-v-md-2 gutters-col-v-2\">\n          <!---->\n          <div class=\"h-column h-column-container d-flex h-col-lg-auto h-col-md-auto h-col-auto style-1335-outer style-local-56-c120-outer\">\n            <div data-colibri-id=\"56-c120\" class=\"d-flex h-flex-basis h-column__inner h-px-lg-2 h-px-md-2 h-px-2 v-inner-lg-2 v-inner-md-2 v-inner-2 style-1335 style-local-56-c120 position-relative\">\n              <!---->\n              <!---->\n              <div class=\"w-100 h-y-container h-column__content h-column__v-align flex-basis-100 align-self-lg-start align-self-md-start align-self-start\">\n                <!---->\n                <div data-colibri-id=\"56-c121\" class=\"h-text h-text-component style-260 style-local-56-c121 position-relative h-element\">\n                  <!---->\n                  <!---->\n                  <div class=\"\">\n                    <p>El Nadal de 2021 vam viure la m\u00e9s gran renovaci\u00f3 de l&#8217;equip art\u00edstic dels Pastorets despr\u00e9s de 20 anys! L&#8217;any 2000, el canvi de Lluquet i Rovell\u00f3 va propiciar, com ara, el rejoveniment i transformaci\u00f3 dels actors i actrius que interpreten\n                      els principals personatges de l&#8217;espectacle.&nbsp;Els vols con\u00e8ixer?<\/p>\n                  <\/div>\n                <\/div>\n              <\/div>\n            <\/div>\n          <\/div>\n        <\/div>\n      <\/div>\n      <div data-colibri-id=\"56-c122\" class=\"h-row-container gutters-row-lg-2 gutters-row-md-2 gutters-row-2 gutters-row-v-lg-2 gutters-row-v-md-2 gutters-row-v-2 style-262 style-local-56-c122 position-relative\">\n        <!---->\n        <div class=\"h-row justify-content-lg-center justify-content-md-center justify-content-center align-items-lg-stretch align-items-md-stretch align-items-stretch gutters-col-lg-2 gutters-col-md-2 gutters-col-2 gutters-col-v-lg-2 gutters-col-v-md-2 gutters-col-v-2\">\n          <!---->\n          <div class=\"h-column h-column-container d-flex h-col-lg-auto h-col-md-auto h-col-auto style-263-outer style-local-56-c123-outer\">\n            <div data-colibri-id=\"56-c123\" class=\"d-flex h-flex-basis h-column__inner h-px-lg-2 h-px-md-2 h-px-2 v-inner-lg-2 v-inner-md-2 v-inner-2 style-263 style-local-56-c123 position-relative\">\n              <!---->\n              <!---->\n              <div class=\"w-100 h-y-container h-column__content h-column__v-align flex-basis-auto align-self-lg-center align-self-md-center align-self-center\">\n                <!---->\n                <div data-colibri-id=\"56-c124\" class=\"h-global-transition-all h-heading style-264 style-local-56-c124 position-relative h-element\">\n                  <!---->\n                  <div class=\"h-heading__outer style-264 style-local-56-c124\">\n                    <!---->\n                    <!---->\n                    <h2 class=\"\"><span style=\"font-weight: 600;\">Coneix-nos.<\/span>&nbsp;Descobreix qui hi ha darrera!<\/h2>\n                  <\/div>\n                <\/div>\n              <\/div>\n            <\/div>\n          <\/div>\n          <div class=\"h-column h-column-container d-flex h-col-lg h-col-md-auto h-col-auto style-265-outer style-local-56-c125-outer\">\n            <div data-colibri-id=\"56-c125\" class=\"d-flex h-flex-basis h-column__inner h-px-lg-2 h-px-md-2 h-px-2 v-inner-lg-2 v-inner-md-2 v-inner-2 style-265 style-local-56-c125 position-relative\">\n              <!---->\n              <!---->\n              <div class=\"w-100 h-y-container h-column__content h-column__v-align flex-basis-100 align-self-lg-center align-self-md-center align-self-center\">\n                <!---->\n                <div data-colibri-id=\"56-c126\" class=\"h-x-container style-266 style-local-56-c126 position-relative h-element\">\n                  <!---->\n                  <div class=\"h-x-container-inner style-dynamic-56-c126-group style-266-spacing style-local-56-c126-spacing\"><span class=\"h-button__outer style-267-outer style-local-56-c127-outer d-inline-flex h-element\"><a h-use-smooth-scroll=\"true\" href=\"http:\/\/www.pastoretsdelespluga.cat\/index.php\/repartiment-dels-pastorets-2025\/\"  data-colibri-id=\"56-c127\" class=\"d-flex w-100 align-items-center h-button justify-content-lg-center justify-content-md-center justify-content-center style-267 style-local-56-c127 position-relative\"><!----><!----> <span>REPARTIMENT DELS PASTORETS<\/span><\/a>\n                    <\/span>\n                  <\/div>\n                <\/div>\n              <\/div>\n            <\/div>\n          <\/div>\n        <\/div>\n      <\/div>\n    <\/div>\n  <\/div>\n  <div data-colibri-component=\"section\" data-colibri-id=\"56-c128\" id=\"la-direccio\" class=\"h-section h-section-global-spacing d-flex align-items-lg-center align-items-md-center align-items-center style-268 style-local-56-c128 position-relative\">\n    <!---->\n    <!---->\n    <div class=\"h-section-grid-container h-section-boxed-container\">\n      <div data-colibri-id=\"56-c174\" class=\"h-row-container gutters-row-lg-2 gutters-row-md-2 gutters-row-2 gutters-row-v-lg-2 gutters-row-v-md-2 gutters-row-v-2 style-285 style-local-56-c174 position-relative\">\n        <!---->\n        <div class=\"h-row justify-content-lg-center justify-content-md-center justify-content-center align-items-lg-stretch align-items-md-stretch align-items-stretch gutters-col-lg-2 gutters-col-md-2 gutters-col-2 gutters-col-v-lg-2 gutters-col-v-md-2 gutters-col-v-2\">\n          <!---->\n          <div class=\"h-column h-column-container d-flex h-col-lg-auto h-col-md-auto h-col-auto style-286-outer style-local-56-c175-outer\">\n            <div data-colibri-id=\"56-c175\" class=\"d-flex h-flex-basis h-column__inner h-ui-empty-state-container h-px-lg-2 h-px-md-2 h-px-2 v-inner-lg-2 v-inner-md-2 v-inner-2 style-286 style-local-56-c175 position-relative\">\n              <!---->\n              <!---->\n              <div class=\"w-100 h-y-container h-column__content h-column__v-align flex-basis-100\">\n                <!---->\n              <\/div>\n            <\/div>\n          <\/div>\n        <\/div>\n      <\/div>\n      <div data-colibri-id=\"56-c129\" class=\"h-row-container gutters-row-lg-2 gutters-row-md-2 gutters-row-0 gutters-row-v-lg-2 gutters-row-v-md-2 gutters-row-v-2 style-326 style-local-56-c129 position-relative\">\n        <!---->\n        <div class=\"h-row justify-content-lg-center justify-content-md-center justify-content-center align-items-lg-stretch align-items-md-stretch align-items-stretch gutters-col-lg-2 gutters-col-md-2 gutters-col-0 gutters-col-v-lg-2 gutters-col-v-md-2 gutters-col-v-2\">\n          <!---->\n          <div class=\"h-column h-column-container d-flex h-col-lg-auto h-col-md-auto h-col-auto style-327-outer style-local-56-c130-outer\">\n            <div data-colibri-id=\"56-c130\" class=\"d-flex h-flex-basis h-column__inner h-px-lg-2 h-px-md-2 h-px-2 v-inner-lg-2 v-inner-md-2 v-inner-2 style-327 style-local-56-c130 position-relative\">\n              <!---->\n              <!---->\n              <div class=\"w-100 h-y-container h-column__content h-column__v-align flex-basis-100 align-self-lg-start align-self-md-start align-self-start\">\n                <!---->\n                <div data-colibri-id=\"56-c131\" class=\"h-global-transition-all h-heading style-287 style-local-56-c131 position-relative h-element\">\n                  <!---->\n                  <div class=\"h-heading__outer style-287 style-local-56-c131\">\n                    <!---->\n                    <!---->\n                    <h2 class=\"\">LA DIRECCI\u00d3<\/h2>\n                  <\/div>\n                <\/div>\n                <div data-colibri-id=\"56-c132\" class=\"h-lead h-text h-text-component style-288 style-local-56-c132 position-relative h-element\">\n                  <!---->\n                  <!---->\n                  <div class=\"\">\n                    <p>La log\u00edstica dels Pastorets de l&#8217;Espluga \u00e9s de gran envergadura i per aix\u00f2 es divideix en quatre direccions diferents:\n                      <br>l&#8217;art\u00edstica, la musical, l&#8217;esc\u00e8nica i la t\u00e8cnica.&nbsp;<\/p>\n                  <\/div>\n                <\/div>\n              <\/div>\n            <\/div>\n          <\/div>\n        <\/div>\n      <\/div>\n      <div data-colibri-id=\"56-c133\" class=\"h-row-container gutters-row-lg-2 gutters-row-md-2 gutters-row-2 gutters-row-v-lg-2 gutters-row-v-md-2 gutters-row-v-2 style-269 style-local-56-c133 position-relative\">\n        <!---->\n        <div class=\"h-row justify-content-lg-center justify-content-md-center justify-content-center align-items-lg-stretch align-items-md-stretch align-items-stretch gutters-col-lg-2 gutters-col-md-2 gutters-col-2 gutters-col-v-lg-2 gutters-col-v-md-2 gutters-col-v-2\">\n          <!---->\n          <div class=\"h-column h-column-container d-flex h-col-lg-3 h-col-md-6 h-col-12 style-270-outer style-local-56-c134-outer\">\n            <div data-colibri-id=\"56-c134\" class=\"d-flex h-flex-basis h-column__inner h-px-lg-0 h-px-md-0 h-px-0 v-inner-lg-0 v-inner-md-0 v-inner-0 style-270 style-local-56-c134 h-overflow-hidden position-relative\">\n              <!---->\n              <!---->\n              <div class=\"w-100 h-y-container h-column__content h-column__v-align flex-basis-100 align-self-lg-start align-self-md-start align-self-start\">\n                <!---->\n                <div data-colibri-id=\"56-c135\" class=\"h-row-container gutters-row-lg-0 gutters-row-md-0 gutters-row-0 gutters-row-v-lg-0 gutters-row-v-md-0 gutters-row-v-0 style-271 style-local-56-c135 position-relative\">\n                  <!---->\n                  <div class=\"h-row justify-content-lg-center justify-content-md-center justify-content-center align-items-lg-stretch align-items-md-stretch align-items-stretch gutters-col-lg-0 gutters-col-md-0 gutters-col-0 gutters-col-v-lg-0 gutters-col-v-md-0 gutters-col-v-0\">\n                    <!---->\n                    <div class=\"h-column h-column-container d-flex h-col-lg-auto h-col-md-auto h-col-auto style-272-outer style-local-56-c136-outer\">\n                      <div data-colibri-id=\"56-c136\" class=\"d-flex h-flex-basis h-column__inner h-ui-empty-state-container h-px-lg-0 h-px-md-0 h-px-0 v-inner-lg-0 v-inner-md-0 v-inner-0 style-272 style-local-56-c136 position-relative\">\n                        <!---->\n                        <!---->\n                        <div class=\"w-100 h-y-container h-column__content h-column__v-align flex-basis-100\">\n                          <!---->\n                        <\/div>\n                      <\/div>\n                    <\/div>\n                    <div class=\"h-column h-column-container d-flex h-col-lg-auto h-col-md-auto h-col-auto style-273-outer style-local-56-c137-outer\">\n                      <div data-colibri-id=\"56-c137\" class=\"d-flex h-flex-basis h-column__inner h-px-lg-2 h-px-md-2 h-px-3 v-inner-lg-2 v-inner-md-2 v-inner-3 style-273 style-local-56-c137 position-relative\">\n                        <!---->\n                        <!---->\n                        <div class=\"w-100 h-y-container h-column__content h-column__v-align flex-basis-100 align-self-lg-start align-self-md-start align-self-start\">\n                          <!---->\n                          <div data-colibri-id=\"56-c138\" class=\"d-block style-274 style-local-56-c138 position-relative h-element\">\n                            <!---->\n                            <div class=\"h-image__frame-container-outer\">\n                              <div class=\"h-image__frame-container\">\n                                <!---->\n                                <!---->\n                                <img decoding=\"async\" src=\"https:\/\/i0.wp.com\/www.pastoretsdelespluga.cat\/wp-content\/uploads\/2021\/11\/Ester-Majo%CC%81s_Directora-Arti%CC%81stica.jpg?resize=150%2C150&amp;ssl=1\" class=\"style-274-image style-local-56-c138-image\">\n                                <div class=\"h-image__frame h-hide-lg h-hide-md h-hide-sm style-274-frameImage style-local-56-c138-frameImage\"><\/div>\n                              <\/div>\n                            <\/div>\n                          <\/div>\n                          <div data-colibri-id=\"56-c139\" class=\"h-global-transition-all h-heading style-275 style-local-56-c139 position-relative h-element\">\n                            <!---->\n                            <div class=\"h-heading__outer style-275 style-local-56-c139\">\n                              <!---->\n                              <!---->\n                              <h4 class=\"\">Ester Maj\u00f3s<\/h4>\n                            <\/div>\n                          <\/div>\n                          <div data-colibri-id=\"56-c140\" class=\"h-text h-text-component style-276 style-local-56-c140 position-relative h-element\">\n                            <!---->\n                            <!---->\n                            <div class=\"\">\n                              <p>Directora art\u00edstica<\/p>\n                            <\/div>\n                          <\/div>\n                          <div data-colibri-id=\"56-c141\" class=\"h-text h-text-component style-277 style-local-56-c141 position-relative h-element\">\n                            <!---->\n                            <!---->\n                            <div class=\"\">\n                              <p>Llicenciada en arts esc\u00e8niques per l&#8217;Institut del Teatre, el 2021 s&#8217;estrenava com a directora art\u00edstica dels Pastorets. Des de 2005 ha dirigit diferents espectacles de Tratea Teatre i actualment \u00e9s professora i directora\n                                de l&#8217;escola de teatre del Casal de l&#8217;Espluga de Francol\u00ed.<\/p>\n                            <\/div>\n                          <\/div>\n                          <div data-colibri-id=\"56-c142\" class=\"style-278 style-local-56-c142 position-relative h-element\">\n                            <!---->\n                            <div class=\"d-flex flex-wrap h-social-icons justify-content-lg-center justify-content-md-center justify-content-center\">\n                              <div class=\"social-icon-container d-inline-flex\">\n                                <a href=\"https:\/\/www.facebook.com\/ester.majos\" h-use-smooth-scroll=\"true\">\n                                  <div class=\"icon-container h-social-icon h-global-transition\">\n                                    <div class=\"h-icon-svg\" style=\"width: 100%; height: 100%;\">\n                                      <!--Icon by Socicon (http:\/\/www.socicon.com)-->\n                                      <svg version=\"1.1\" xmlns=\"http:\/\/www.w3.org\/2000\/svg\" viewBox=\"0 0 1500 1500\">\n\n                                        <path d=\"M867.188 1500v-685.547h228.516l35.156-266.602h-263.672v-169.922c0-76.172 20.508-128.906 131.836-128.906h140.625v-237.305c-23.438-5.859-108.398-11.719-205.078-11.719-205.078 0-342.773 123.047-342.773 351.563v196.289h-231.445v266.602h231.445v685.547z\"><\/path>\n                                      <\/svg>\n                                    <\/div>\n                                  <\/div>\n                                <\/a>\n                              <\/div>\n                              <div class=\"social-icon-container d-inline-flex\">\n                                <a href=\"https:\/\/www.instagram.com\/majosester\/\" h-use-smooth-scroll=\"true\">\n                                  <div class=\"icon-container h-social-icon h-global-transition\">\n                                    <div class=\"h-icon-svg\" style=\"width: 100%; height: 100%;\">\n                                      <!--Icon by Socicon (http:\/\/www.socicon.com)-->\n                                      <svg version=\"1.1\" xmlns=\"http:\/\/www.w3.org\/2000\/svg\" viewBox=\"0 0 1500 1500\">\n\n                                        <path d=\"M750 134.766c202.148 0 222.656 2.93 301.758 5.859 76.172 2.93 114.258 14.648 140.625 23.438 35.156 14.648 61.523 32.227 84.961 55.664 26.367 26.367 43.945 52.734 55.664 84.961 11.719 29.297 23.438 67.383 26.367 140.625 2.93 82.031 5.859 102.539 5.859 304.688s-2.93 222.656-5.859 301.758c-2.93 76.172-14.648 114.258-23.438 140.625-14.648 35.156-32.227 61.523-55.664 84.961-26.367 26.367-52.734 43.945-84.961 55.664-29.297 11.719-67.383 23.438-140.625 26.367-82.031 2.93-102.539 5.859-304.688 5.859s-222.656-2.93-301.758-5.859c-76.172-2.93-114.258-14.648-140.625-23.438-35.156-14.648-61.523-32.227-84.961-55.664-26.367-26.367-43.945-52.734-55.664-84.961-11.719-29.297-23.438-67.383-26.367-140.625-2.93-82.031-5.859-102.539-5.859-304.688s2.93-222.656 5.859-301.758c2.93-76.172 14.648-114.258 23.438-140.625 14.648-35.156 32.227-61.523 55.664-84.961 26.367-26.367 52.734-43.945 84.961-55.664 29.297-11.719 67.383-23.438 140.625-26.367 82.031-2.93 102.539-5.859 304.688-5.859M750 0c-205.078 0-228.516 2.93-307.617 5.859-82.031 2.93-137.695 14.648-181.641 32.227-49.805 20.508-93.75 46.875-134.766 87.891s-67.383 84.961-87.891 134.766c-17.578 46.875-29.297 99.609-32.227 181.641-2.93 79.102-5.859 102.539-5.859 307.617s2.93 228.516 5.859 307.617c2.93 82.031 14.648 137.695 32.227 181.641 20.508 49.805 46.875 93.75 87.891 134.766s84.961 67.383 134.766 87.891c46.875 17.578 99.609 29.297 181.641 32.227 79.102 2.93 102.539 5.859 307.617 5.859s228.516-2.93 307.617-5.859c82.031-2.93 137.695-14.648 181.641-32.227 49.805-20.508 93.75-46.875 134.766-87.891s67.383-84.961 87.891-134.766c17.578-46.875 29.297-99.609 32.227-181.641 2.93-79.102 5.859-102.539 5.859-307.617s-2.93-228.516-5.859-307.617c-2.93-82.031-14.648-137.695-32.227-181.641-20.508-49.805-46.875-93.75-87.891-134.766s-84.961-67.383-134.766-87.891c-46.875-17.578-99.609-29.297-181.641-32.227-79.102-2.93-102.539-5.859-307.617-5.859zM750 363.281c-213.867 0-386.719 172.852-386.719 386.719s172.852 386.719 386.719 386.719c213.867 0 386.719-172.852 386.719-386.719s-172.852-386.719-386.719-386.719zM750 1001.953c-137.695 0-251.953-114.258-251.953-251.953s114.258-251.953 251.953-251.953c137.695 0 251.953 114.258 251.953 251.953s-114.258 251.953-251.953 251.953zM1239.258 348.633c0 49.805-38.086 90.82-87.891 90.82s-90.82-41.016-90.82-90.82c0-49.805 41.016-87.891 90.82-87.891s87.891 38.086 87.891 87.891z\"><\/path>\n                                      <\/svg>\n                                    <\/div>\n                                  <\/div>\n                                <\/a>\n                              <\/div>\n                            <\/div>\n                          <\/div>\n                        <\/div>\n                      <\/div>\n                    <\/div>\n                  <\/div>\n                <\/div>\n              <\/div>\n            <\/div>\n          <\/div>\n          <div class=\"h-column h-column-container d-flex h-col-lg-3 h-col-md-6 h-col-12 style-270-outer style-local-56-c143-outer\">\n            <div data-colibri-id=\"56-c143\" class=\"d-flex h-flex-basis h-column__inner h-px-lg-0 h-px-md-0 h-px-0 v-inner-lg-0 v-inner-md-0 v-inner-0 style-270 style-local-56-c143 h-overflow-hidden position-relative\">\n              <!---->\n              <!---->\n              <div class=\"w-100 h-y-container h-column__content h-column__v-align flex-basis-100 align-self-lg-start align-self-md-start align-self-start\">\n                <!---->\n                <div data-colibri-id=\"56-c144\" class=\"h-row-container gutters-row-lg-0 gutters-row-md-0 gutters-row-0 gutters-row-v-lg-0 gutters-row-v-md-0 gutters-row-v-0 style-271 style-local-56-c144 position-relative\">\n                  <!---->\n                  <div class=\"h-row justify-content-lg-center justify-content-md-center justify-content-center align-items-lg-stretch align-items-md-stretch align-items-stretch gutters-col-lg-0 gutters-col-md-0 gutters-col-0 gutters-col-v-lg-0 gutters-col-v-md-0 gutters-col-v-0\">\n                    <!---->\n                    <div class=\"h-column h-column-container d-flex h-col-lg-auto h-col-md-auto h-col-auto style-279-outer style-local-56-c145-outer\">\n                      <div data-colibri-id=\"56-c145\" class=\"d-flex h-flex-basis h-column__inner h-ui-empty-state-container h-px-lg-0 h-px-md-0 h-px-0 v-inner-lg-0 v-inner-md-0 v-inner-0 style-279 style-local-56-c145 position-relative\">\n                        <!---->\n                        <!---->\n                        <div class=\"w-100 h-y-container h-column__content h-column__v-align flex-basis-100\">\n                          <!---->\n                        <\/div>\n                      <\/div>\n                    <\/div>\n                    <div class=\"h-column h-column-container d-flex h-col-lg-auto h-col-md-auto h-col-auto style-273-outer style-local-56-c146-outer\">\n                      <div data-colibri-id=\"56-c146\" class=\"d-flex h-flex-basis h-column__inner h-px-lg-2 h-px-md-2 h-px-3 v-inner-lg-2 v-inner-md-2 v-inner-3 style-273 style-local-56-c146 position-relative\">\n                        <!---->\n                        <!---->\n                        <div class=\"w-100 h-y-container h-column__content h-column__v-align flex-basis-100 align-self-lg-start align-self-md-start align-self-start\">\n                          <!---->\n                          <div data-colibri-id=\"56-c147\" class=\"d-block style-274 style-local-56-c147 position-relative h-element\">\n                            <!---->\n                            <div class=\"h-image__frame-container-outer\">\n                              <div class=\"h-image__frame-container\">\n                                <!---->\n                                <!---->\n                                <img decoding=\"async\" src=\"https:\/\/i0.wp.com\/www.pastoretsdelespluga.cat\/wp-content\/uploads\/2025\/11\/cropped-cropped-Quico-Estivill.png?resize=150%2C150&amp;ssl=1\" class=\"style-274-image style-local-56-c147-image\">\n                                <div class=\"h-image__frame h-hide-lg h-hide-md h-hide-sm style-274-frameImage style-local-56-c147-frameImage\"><\/div>\n                              <\/div>\n                            <\/div>\n                          <\/div>\n                          <div data-colibri-id=\"56-c148\" class=\"h-global-transition-all h-heading style-275 style-local-56-c148 position-relative h-element\">\n                            <!---->\n                            <div class=\"h-heading__outer style-275 style-local-56-c148\">\n                              <!---->\n                              <!---->\n                              <h4 class=\"\">Quico Estivill<\/h4>\n                            <\/div>\n                          <\/div>\n                          <div data-colibri-id=\"56-c149\" class=\"h-text h-text-component style-276 style-local-56-c149 position-relative h-element\">\n                            <!---->\n                            <!---->\n                            <div class=\"\">\n                              <p>Director escenogr\u00e0fic<\/p>\n                            <\/div>\n                          <\/div>\n                          <div data-colibri-id=\"56-c150\" class=\"h-text h-text-component style-277 style-local-56-c150 position-relative h-element\">\n                            <!---->\n                            <!---->\n                            <div class=\"\">\n                              <p><span style=\"font-weight: 400; font-size: 16px; font-family: &quot;Open Sans&quot;; color: rgb(102, 102, 102);\">Aquest escen\u00f2graf esplugu\u00ed va rebre l\u2019enc\u00e0rrec, el 2023, de dissenyar una nova escenografia pels Pastorets de l\u2019Espluga. Amb \u00e0mplia experi\u00e8ncia professional amb grans directors i espectacles de primer nivell, assumeix el 2025 el repte de dirigir la transformaci\u00f3 visual de la cl\u00e0ssica representaci\u00f3.<\/span><\/p>\n                            <\/div>\n                          <\/div>\n                          <div data-colibri-id=\"56-c151\" class=\"style-280 style-local-56-c151 position-relative h-element\">\n                            <!---->\n                            <div class=\"d-flex flex-wrap h-social-icons justify-content-lg-center justify-content-md-center justify-content-center\">\n                              <div class=\"social-icon-container d-inline-flex\">\n                                <a href=\"https:\/\/www.facebook.com\/profile.php?id=100000161969453\" h-use-smooth-scroll=\"true\">\n                                  <div class=\"icon-container h-social-icon h-global-transition\">\n                                    <div class=\"h-icon-svg\" style=\"width: 100%; height: 100%;\">\n                                      <!--Icon by Socicon (http:\/\/www.socicon.com)-->\n                                      <svg version=\"1.1\" xmlns=\"http:\/\/www.w3.org\/2000\/svg\" viewBox=\"0 0 1500 1500\">\n\n                                        <path d=\"M867.188 1500v-685.547h228.516l35.156-266.602h-263.672v-169.922c0-76.172 20.508-128.906 131.836-128.906h140.625v-237.305c-23.438-5.859-108.398-11.719-205.078-11.719-205.078 0-342.773 123.047-342.773 351.563v196.289h-231.445v266.602h231.445v685.547z\"><\/path>\n                                      <\/svg>\n                                    <\/div>\n                                  <\/div>\n                                <\/a>\n                              <\/div>\n                            <\/div>\n                          <\/div>\n                        <\/div>\n                      <\/div>\n                    <\/div>\n                  <\/div>\n                <\/div>\n              <\/div>\n            <\/div>\n          <\/div>\n          <div class=\"h-column h-column-container d-flex h-col-lg-3 h-col-md-6 h-col-12 style-270-outer style-local-56-c152-outer\">\n            <div data-colibri-id=\"56-c152\" class=\"d-flex h-flex-basis h-column__inner h-px-lg-0 h-px-md-0 h-px-0 v-inner-lg-0 v-inner-md-0 v-inner-0 style-270 style-local-56-c152 h-overflow-hidden position-relative\">\n              <!---->\n              <!---->\n              <div class=\"w-100 h-y-container h-column__content h-column__v-align flex-basis-100 align-self-lg-start align-self-md-start align-self-start\">\n                <!---->\n                <div data-colibri-id=\"56-c153\" class=\"h-row-container gutters-row-lg-0 gutters-row-md-0 gutters-row-0 gutters-row-v-lg-0 gutters-row-v-md-0 gutters-row-v-0 style-271 style-local-56-c153 position-relative\">\n                  <!---->\n                  <div class=\"h-row justify-content-lg-center justify-content-md-center justify-content-center align-items-lg-stretch align-items-md-stretch align-items-stretch gutters-col-lg-0 gutters-col-md-0 gutters-col-0 gutters-col-v-lg-0 gutters-col-v-md-0 gutters-col-v-0\">\n                    <!---->\n                    <div class=\"h-column h-column-container d-flex h-col-lg-auto h-col-md-auto h-col-auto style-281-outer style-local-56-c154-outer\">\n                      <div data-colibri-id=\"56-c154\" class=\"d-flex h-flex-basis h-column__inner h-ui-empty-state-container h-px-lg-0 h-px-md-0 h-px-0 v-inner-lg-0 v-inner-md-0 v-inner-0 style-281 style-local-56-c154 position-relative\">\n                        <!---->\n                        <!---->\n                        <div class=\"w-100 h-y-container h-column__content h-column__v-align flex-basis-100\">\n                          <!---->\n                        <\/div>\n                      <\/div>\n                    <\/div>\n                    <div class=\"h-column h-column-container d-flex h-col-lg-auto h-col-md-auto h-col-auto style-273-outer style-local-56-c155-outer\">\n                      <div data-colibri-id=\"56-c155\" class=\"d-flex h-flex-basis h-column__inner h-px-lg-2 h-px-md-2 h-px-3 v-inner-lg-2 v-inner-md-2 v-inner-3 style-273 style-local-56-c155 position-relative\">\n                        <!---->\n                        <!---->\n                        <div class=\"w-100 h-y-container h-column__content h-column__v-align flex-basis-100 align-self-lg-start align-self-md-start align-self-start\">\n                          <!---->\n                          <div data-colibri-id=\"56-c156\" class=\"d-block style-274 style-local-56-c156 position-relative h-element\">\n                            <!---->\n                            <div class=\"h-image__frame-container-outer\">\n                              <div class=\"h-image__frame-container\">\n                                <!---->\n                                <!---->\n                                <img decoding=\"async\" src=\"https:\/\/i0.wp.com\/www.pastoretsdelespluga.cat\/wp-content\/uploads\/2021\/11\/Marc-Roca_Director-Te%CC%80cnic_150.jpg?resize=150%2C150&amp;ssl=1\" class=\"style-274-image style-local-56-c156-image\">\n                                <div class=\"h-image__frame h-hide-lg h-hide-md h-hide-sm style-274-frameImage style-local-56-c156-frameImage\"><\/div>\n                              <\/div>\n                            <\/div>\n                          <\/div>\n                          <div data-colibri-id=\"56-c157\" class=\"h-global-transition-all h-heading style-275 style-local-56-c157 position-relative h-element\">\n                            <!---->\n                            <div class=\"h-heading__outer style-275 style-local-56-c157\">\n                              <!---->\n                              <!---->\n                              <h4 class=\"\">Marc Roca<\/h4>\n                            <\/div>\n                          <\/div>\n                          <div data-colibri-id=\"56-c158\" class=\"h-text h-text-component style-276 style-local-56-c158 position-relative h-element\">\n                            <!---->\n                            <!---->\n                            <div class=\"\">\n                              <p>Director t\u00e8cnic<\/p>\n                            <\/div>\n                          <\/div>\n                          <div data-colibri-id=\"56-c159\" class=\"h-text h-text-component style-277 style-local-56-c159 position-relative h-element\">\n                            <!---->\n                            <!---->\n                            <div class=\"\">\n                              <p>Implicat des de petit a l&#8217;espectacle i a la resta d&#8217;esdeveniments locals, sempre des de la vessant t\u00e8cnica, \u00e9s el responsable del so, la il\u00b7luminaci\u00f3, les projeccions i tots els efectes especials. Professionalment es dedica\n                                al m\u00f3n de l&#8217;espectacle com a t\u00e8cnic dels grups Buhos i Stay Homas.&nbsp;<\/p>\n                            <\/div>\n                          <\/div>\n                          <div data-colibri-id=\"56-c160\" class=\"style-282 style-local-56-c160 position-relative h-element\">\n                            <!---->\n                            <div class=\"d-flex flex-wrap h-social-icons justify-content-lg-center justify-content-md-center justify-content-center\">\n                              <div class=\"social-icon-container d-inline-flex\">\n                                <a href=\"https:\/\/www.facebook.com\/marc.r.garcia.7\" h-use-smooth-scroll=\"true\">\n                                  <div class=\"icon-container h-social-icon h-global-transition\">\n                                    <div class=\"h-icon-svg\" style=\"width: 100%; height: 100%;\">\n                                      <!--Icon by Socicon (http:\/\/www.socicon.com)-->\n                                      <svg version=\"1.1\" xmlns=\"http:\/\/www.w3.org\/2000\/svg\" viewBox=\"0 0 1500 1500\">\n\n                                        <path d=\"M867.188 1500v-685.547h228.516l35.156-266.602h-263.672v-169.922c0-76.172 20.508-128.906 131.836-128.906h140.625v-237.305c-23.438-5.859-108.398-11.719-205.078-11.719-205.078 0-342.773 123.047-342.773 351.563v196.289h-231.445v266.602h231.445v685.547z\"><\/path>\n                                      <\/svg>\n                                    <\/div>\n                                  <\/div>\n                                <\/a>\n                              <\/div>\n                              <div class=\"social-icon-container d-inline-flex\">\n                                <a href=\"https:\/\/twitter.com\/marcrocassssss\" h-use-smooth-scroll=\"true\">\n                                  <div class=\"icon-container h-social-icon h-global-transition\">\n                                    <div class=\"h-icon-svg\" style=\"width: 100%; height: 100%;\">\n                                      <!--Icon by Socicon (http:\/\/www.socicon.com)-->\n                                      <svg version=\"1.1\" xmlns=\"http:\/\/www.w3.org\/2000\/svg\" viewBox=\"0 0 1500 1500\">\n\n                                        <path d=\"M1347.656 445.313c0 11.719 0 26.367 0 38.086 0 407.227-310.547 875.977-875.977 875.977-172.852 0-336.914-49.805-471.68-137.695 23.438 2.93 49.805 2.93 73.242 2.93 143.555 0 278.32-46.875 383.789-131.836-134.766 0-249.023-90.82-290.039-213.867 20.508 5.859 38.086 5.859 58.594 5.859 29.297 0 55.664-2.93 82.031-8.789-140.625-29.297-246.094-155.273-246.094-301.758 0-2.93 0-2.93 0-5.859 41.016 23.438 87.891 38.086 137.695 38.086-82.031-52.734-137.695-149.414-137.695-254.883 0-55.664 17.578-108.398 43.945-155.273 149.414 187.5 377.93 310.547 632.813 322.266-5.859-23.438-8.789-46.875-8.789-70.313 0-169.922 137.695-307.617 307.617-307.617 90.82 0 169.922 38.086 225.586 96.68 70.313-14.648 137.695-38.086 196.289-73.242-23.438 70.313-73.242 131.836-134.766 169.922 61.523-8.789 120.117-23.438 175.781-49.805-41.016 61.523-93.75 117.188-152.344 161.133z\"><\/path>\n                                      <\/svg>\n                                    <\/div>\n                                  <\/div>\n                                <\/a>\n                              <\/div>\n                              <div class=\"social-icon-container d-inline-flex\">\n                                <a href=\"https:\/\/www.instagram.com\/marc_roca1997\/\" h-use-smooth-scroll=\"true\">\n                                  <div class=\"icon-container h-social-icon h-global-transition\">\n                                    <div class=\"h-icon-svg\" style=\"width: 100%; height: 100%;\">\n                                      <!--Icon by Socicon (http:\/\/www.socicon.com)-->\n                                      <svg version=\"1.1\" xmlns=\"http:\/\/www.w3.org\/2000\/svg\" viewBox=\"0 0 1500 1500\">\n\n                                        <path d=\"M750 134.766c202.148 0 222.656 2.93 301.758 5.859 76.172 2.93 114.258 14.648 140.625 23.438 35.156 14.648 61.523 32.227 84.961 55.664 26.367 26.367 43.945 52.734 55.664 84.961 11.719 29.297 23.438 67.383 26.367 140.625 2.93 82.031 5.859 102.539 5.859 304.688s-2.93 222.656-5.859 301.758c-2.93 76.172-14.648 114.258-23.438 140.625-14.648 35.156-32.227 61.523-55.664 84.961-26.367 26.367-52.734 43.945-84.961 55.664-29.297 11.719-67.383 23.438-140.625 26.367-82.031 2.93-102.539 5.859-304.688 5.859s-222.656-2.93-301.758-5.859c-76.172-2.93-114.258-14.648-140.625-23.438-35.156-14.648-61.523-32.227-84.961-55.664-26.367-26.367-43.945-52.734-55.664-84.961-11.719-29.297-23.438-67.383-26.367-140.625-2.93-82.031-5.859-102.539-5.859-304.688s2.93-222.656 5.859-301.758c2.93-76.172 14.648-114.258 23.438-140.625 14.648-35.156 32.227-61.523 55.664-84.961 26.367-26.367 52.734-43.945 84.961-55.664 29.297-11.719 67.383-23.438 140.625-26.367 82.031-2.93 102.539-5.859 304.688-5.859M750 0c-205.078 0-228.516 2.93-307.617 5.859-82.031 2.93-137.695 14.648-181.641 32.227-49.805 20.508-93.75 46.875-134.766 87.891s-67.383 84.961-87.891 134.766c-17.578 46.875-29.297 99.609-32.227 181.641-2.93 79.102-5.859 102.539-5.859 307.617s2.93 228.516 5.859 307.617c2.93 82.031 14.648 137.695 32.227 181.641 20.508 49.805 46.875 93.75 87.891 134.766s84.961 67.383 134.766 87.891c46.875 17.578 99.609 29.297 181.641 32.227 79.102 2.93 102.539 5.859 307.617 5.859s228.516-2.93 307.617-5.859c82.031-2.93 137.695-14.648 181.641-32.227 49.805-20.508 93.75-46.875 134.766-87.891s67.383-84.961 87.891-134.766c17.578-46.875 29.297-99.609 32.227-181.641 2.93-79.102 5.859-102.539 5.859-307.617s-2.93-228.516-5.859-307.617c-2.93-82.031-14.648-137.695-32.227-181.641-20.508-49.805-46.875-93.75-87.891-134.766s-84.961-67.383-134.766-87.891c-46.875-17.578-99.609-29.297-181.641-32.227-79.102-2.93-102.539-5.859-307.617-5.859zM750 363.281c-213.867 0-386.719 172.852-386.719 386.719s172.852 386.719 386.719 386.719c213.867 0 386.719-172.852 386.719-386.719s-172.852-386.719-386.719-386.719zM750 1001.953c-137.695 0-251.953-114.258-251.953-251.953s114.258-251.953 251.953-251.953c137.695 0 251.953 114.258 251.953 251.953s-114.258 251.953-251.953 251.953zM1239.258 348.633c0 49.805-38.086 90.82-87.891 90.82s-90.82-41.016-90.82-90.82c0-49.805 41.016-87.891 90.82-87.891s87.891 38.086 87.891 87.891z\"><\/path>\n                                      <\/svg>\n                                    <\/div>\n                                  <\/div>\n                                <\/a>\n                              <\/div>\n                            <\/div>\n                          <\/div>\n                        <\/div>\n                      <\/div>\n                    <\/div>\n                  <\/div>\n                <\/div>\n              <\/div>\n            <\/div>\n          <\/div>\n          <div class=\"h-column h-column-container d-flex h-col-lg-3 h-col-md-6 h-col-12 style-270-outer style-local-56-c161-outer\">\n            <div data-colibri-id=\"56-c161\" class=\"d-flex h-flex-basis h-column__inner h-px-lg-0 h-px-md-0 h-px-0 v-inner-lg-0 v-inner-md-0 v-inner-0 style-270 style-local-56-c161 h-overflow-hidden position-relative\">\n              <!---->\n              <!---->\n              <div class=\"w-100 h-y-container h-column__content h-column__v-align flex-basis-100 align-self-lg-start align-self-md-start align-self-start\">\n                <!---->\n                <div data-colibri-id=\"56-c162\" class=\"h-row-container gutters-row-lg-0 gutters-row-md-0 gutters-row-0 gutters-row-v-lg-0 gutters-row-v-md-0 gutters-row-v-0 style-271 style-local-56-c162 position-relative\">\n                  <!---->\n                  <div class=\"h-row justify-content-lg-center justify-content-md-center justify-content-center align-items-lg-stretch align-items-md-stretch align-items-stretch gutters-col-lg-0 gutters-col-md-0 gutters-col-0 gutters-col-v-lg-0 gutters-col-v-md-0 gutters-col-v-0\">\n                    <!---->\n                    <div class=\"h-column h-column-container d-flex h-col-lg-auto h-col-md-auto h-col-auto style-283-outer style-local-56-c163-outer\">\n                      <div data-colibri-id=\"56-c163\" class=\"d-flex h-flex-basis h-column__inner h-ui-empty-state-container h-px-lg-0 h-px-md-0 h-px-0 v-inner-lg-0 v-inner-md-0 v-inner-0 style-283 style-local-56-c163 position-relative\">\n                        <!---->\n                        <!---->\n                        <div class=\"w-100 h-y-container h-column__content h-column__v-align flex-basis-100\">\n                          <!---->\n                        <\/div>\n                      <\/div>\n                    <\/div>\n                    <div class=\"h-column h-column-container d-flex h-col-lg-auto h-col-md-auto h-col-auto style-273-outer style-local-56-c164-outer\">\n                      <div data-colibri-id=\"56-c164\" class=\"d-flex h-flex-basis h-column__inner h-px-lg-2 h-px-md-2 h-px-3 v-inner-lg-2 v-inner-md-2 v-inner-3 style-273 style-local-56-c164 position-relative\">\n                        <!---->\n                        <!---->\n                        <div class=\"w-100 h-y-container h-column__content h-column__v-align flex-basis-100 align-self-lg-start align-self-md-start align-self-start\">\n                          <!---->\n                          <div data-colibri-id=\"56-c165\" class=\"d-block style-274 style-local-56-c165 position-relative h-element\">\n                            <!---->\n                            <div class=\"h-image__frame-container-outer\">\n                              <div class=\"h-image__frame-container\">\n                                <!---->\n                                <!---->\n                                <img decoding=\"async\" src=\"https:\/\/i0.wp.com\/www.pastoretsdelespluga.cat\/wp-content\/uploads\/2025\/09\/cropped-Anna-Amigo.png?resize=150%2C150&amp;ssl=1\" class=\"style-274-image style-local-56-c165-image\">\n                                <div class=\"h-image__frame h-hide-lg h-hide-md h-hide-sm style-274-frameImage style-local-56-c165-frameImage\"><\/div>\n                              <\/div>\n                            <\/div>\n                          <\/div>\n                          <div data-colibri-id=\"56-c166\" class=\"h-global-transition-all h-heading style-275 style-local-56-c166 position-relative h-element\">\n                            <!---->\n                            <div class=\"h-heading__outer style-275 style-local-56-c166\">\n                              <!---->\n                              <!---->\n                              <h4 class=\"\">Anna Amig\u00f3<\/h4>\n                            <\/div>\n                          <\/div>\n                          <div data-colibri-id=\"56-c167\" class=\"h-text h-text-component style-276 style-local-56-c167 position-relative h-element\">\n                            <!---->\n                            <!---->\n                            <div class=\"\">\n                              <p>Directora musical<\/p>\n                            <\/div>\n                          <\/div>\n                          <div data-colibri-id=\"56-c168\" class=\"h-text h-text-component style-277 style-local-56-c168 position-relative h-element\">\n                            <!---->\n                            <!---->\n                            <div class=\"\">\n                              <p><span style=\"font-weight: 400; font-size: 16px; font-family: &quot;Open Sans&quot;; color: rgb(102, 102, 102);\">Nova incorporaci\u00f3 del 2025 com a directora de l\u2019Orquestra dels Pastorets. Ha estat clarinetista de la formaci\u00f3 sota la direcci\u00f3 de Sergi Esparza, autor dels arranjaments de la banda sonora pr\u00f2pia, basada en la tradici\u00f3 local i en les nadales populars. \u00c9s professora d\u2019Escola de M\u00fasica.<\/span><\/p>\n                            <\/div>\n                          <\/div>\n                          <div data-colibri-id=\"56-c169\" class=\"style-284 style-local-56-c169 position-relative h-element\">\n                            <!---->\n                            <div class=\"d-flex flex-wrap h-social-icons justify-content-lg-center justify-content-md-center justify-content-center\">\n                              <div class=\"social-icon-container d-inline-flex\">\n                                <a href=\"https:\/\/www.facebook.com\/anna.amigohuguet\" h-use-smooth-scroll=\"true\">\n                                  <div class=\"icon-container h-social-icon h-global-transition\">\n                                    <div class=\"h-icon-svg\" style=\"width: 100%; height: 100%;\">\n                                      <!--Icon by Socicon (http:\/\/www.socicon.com)-->\n                                      <svg version=\"1.1\" xmlns=\"http:\/\/www.w3.org\/2000\/svg\" viewBox=\"0 0 1500 1500\">\n\n                                        <path d=\"M867.188 1500v-685.547h228.516l35.156-266.602h-263.672v-169.922c0-76.172 20.508-128.906 131.836-128.906h140.625v-237.305c-23.438-5.859-108.398-11.719-205.078-11.719-205.078 0-342.773 123.047-342.773 351.563v196.289h-231.445v266.602h231.445v685.547z\"><\/path>\n                                      <\/svg>\n                                    <\/div>\n                                  <\/div>\n                                <\/a>\n                              <\/div>\n                              <div class=\"social-icon-container d-inline-flex\">\n                                <a href=\"https:\/\/www.instagram.com\/amigohuguet\/\" h-use-smooth-scroll=\"true\">\n                                  <div class=\"icon-container h-social-icon h-global-transition\">\n                                    <div class=\"h-icon-svg\" style=\"width: 100%; height: 100%;\">\n                                      <!--Icon by Socicon (http:\/\/www.socicon.com)-->\n                                      <svg version=\"1.1\" xmlns=\"http:\/\/www.w3.org\/2000\/svg\" viewBox=\"0 0 1500 1500\">\n\n                                        <path d=\"M750 134.766c202.148 0 222.656 2.93 301.758 5.859 76.172 2.93 114.258 14.648 140.625 23.438 35.156 14.648 61.523 32.227 84.961 55.664 26.367 26.367 43.945 52.734 55.664 84.961 11.719 29.297 23.438 67.383 26.367 140.625 2.93 82.031 5.859 102.539 5.859 304.688s-2.93 222.656-5.859 301.758c-2.93 76.172-14.648 114.258-23.438 140.625-14.648 35.156-32.227 61.523-55.664 84.961-26.367 26.367-52.734 43.945-84.961 55.664-29.297 11.719-67.383 23.438-140.625 26.367-82.031 2.93-102.539 5.859-304.688 5.859s-222.656-2.93-301.758-5.859c-76.172-2.93-114.258-14.648-140.625-23.438-35.156-14.648-61.523-32.227-84.961-55.664-26.367-26.367-43.945-52.734-55.664-84.961-11.719-29.297-23.438-67.383-26.367-140.625-2.93-82.031-5.859-102.539-5.859-304.688s2.93-222.656 5.859-301.758c2.93-76.172 14.648-114.258 23.438-140.625 14.648-35.156 32.227-61.523 55.664-84.961 26.367-26.367 52.734-43.945 84.961-55.664 29.297-11.719 67.383-23.438 140.625-26.367 82.031-2.93 102.539-5.859 304.688-5.859M750 0c-205.078 0-228.516 2.93-307.617 5.859-82.031 2.93-137.695 14.648-181.641 32.227-49.805 20.508-93.75 46.875-134.766 87.891s-67.383 84.961-87.891 134.766c-17.578 46.875-29.297 99.609-32.227 181.641-2.93 79.102-5.859 102.539-5.859 307.617s2.93 228.516 5.859 307.617c2.93 82.031 14.648 137.695 32.227 181.641 20.508 49.805 46.875 93.75 87.891 134.766s84.961 67.383 134.766 87.891c46.875 17.578 99.609 29.297 181.641 32.227 79.102 2.93 102.539 5.859 307.617 5.859s228.516-2.93 307.617-5.859c82.031-2.93 137.695-14.648 181.641-32.227 49.805-20.508 93.75-46.875 134.766-87.891s67.383-84.961 87.891-134.766c17.578-46.875 29.297-99.609 32.227-181.641 2.93-79.102 5.859-102.539 5.859-307.617s-2.93-228.516-5.859-307.617c-2.93-82.031-14.648-137.695-32.227-181.641-20.508-49.805-46.875-93.75-87.891-134.766s-84.961-67.383-134.766-87.891c-46.875-17.578-99.609-29.297-181.641-32.227-79.102-2.93-102.539-5.859-307.617-5.859zM750 363.281c-213.867 0-386.719 172.852-386.719 386.719s172.852 386.719 386.719 386.719c213.867 0 386.719-172.852 386.719-386.719s-172.852-386.719-386.719-386.719zM750 1001.953c-137.695 0-251.953-114.258-251.953-251.953s114.258-251.953 251.953-251.953c137.695 0 251.953 114.258 251.953 251.953s-114.258 251.953-251.953 251.953zM1239.258 348.633c0 49.805-38.086 90.82-87.891 90.82s-90.82-41.016-90.82-90.82c0-49.805 41.016-87.891 90.82-87.891s87.891 38.086 87.891 87.891z\"><\/path>\n                                      <\/svg>\n                                    <\/div>\n                                  <\/div>\n                                <\/a>\n                              <\/div>\n                            <\/div>\n                          <\/div>\n                        <\/div>\n                      <\/div>\n                    <\/div>\n                  <\/div>\n                <\/div>\n              <\/div>\n            <\/div>\n          <\/div>\n        <\/div>\n      <\/div>\n      <div data-colibri-id=\"56-c170\" class=\"h-row-container gutters-row-lg-2 gutters-row-md-2 gutters-row-0 gutters-row-v-lg-2 gutters-row-v-md-2 gutters-row-v-2 style-328 style-local-56-c170 position-relative\">\n        <!---->\n        <div class=\"h-row justify-content-lg-center justify-content-md-center justify-content-center align-items-lg-stretch align-items-md-stretch align-items-stretch gutters-col-lg-2 gutters-col-md-2 gutters-col-0 gutters-col-v-lg-2 gutters-col-v-md-2 gutters-col-v-2\">\n          <!---->\n          <div class=\"h-column h-column-container d-flex h-col-lg-auto h-col-md-auto h-col-auto style-329-outer style-local-56-c171-outer\">\n            <div data-colibri-id=\"56-c171\" class=\"d-flex h-flex-basis h-column__inner h-px-lg-2 h-px-md-2 h-px-2 v-inner-lg-2 v-inner-md-2 v-inner-2 style-329 style-local-56-c171 position-relative\">\n              <!---->\n              <!---->\n              <div class=\"w-100 h-y-container h-column__content h-column__v-align flex-basis-100 align-self-lg-start align-self-md-start align-self-start\">\n                <!---->\n                <div data-colibri-id=\"56-c172\" class=\"h-x-container style-1446 style-local-56-c172 position-relative h-element\">\n                  <!---->\n                  <div class=\"h-x-container-inner style-dynamic-56-c172-group style-1446-spacing style-local-56-c172-spacing\"><span class=\"h-button__outer style-1447-outer style-local-56-c173-outer d-inline-flex h-element\"><a h-use-smooth-scroll=\"true\" href=\"https:\/\/www.pastoretsdelespluga.cat\/index.php\/equip-tecnic-dels-pastorets\/\"  data-colibri-id=\"56-c173\" class=\"d-flex w-100 align-items-center h-button justify-content-lg-center justify-content-md-center justify-content-center style-1447 style-local-56-c173 position-relative\"><!----><!----> <span>RESTA DE L&#8217;EQUIP T\u00c8CNIC DELS PASTORETS<\/span><\/a>\n                    <\/span>\n                  <\/div>\n                <\/div>\n              <\/div>\n            <\/div>\n          <\/div>\n        <\/div>\n      <\/div>\n    <\/div>\n  <\/div>\n  <div data-colibri-component=\"section\" data-colibri-id=\"56-c176\" id=\"xifres\" class=\"h-section h-section-global-spacing d-flex align-items-lg-center align-items-md-center align-items-center style-289 style-local-56-c176 position-relative\">\n    <div class=\"background-wrapper\">\n      <div class=\"background-layer background-layer-media-container-lg\">\n        <div data-enabled=\"true\" data-colibri-component=\"parallax\" class=\"background-layer paraxify\" model-id=\"56-c176\" media=\"desktop\" is-preview=\"true\" style=\"background-image: url(&quot;http:\/\/www.pastoretsdelespluga.cat\/wp-content\/uploads\/2026\/01\/cropped-Pastorets-de-lEspluga-2025_Foto-de-Toni-Morlans_193-scaled-2.jpg&quot;); background-position: center center;\">\n          <div class=\"resize-triggers\">\n            <div class=\"expand-trigger\">\n              <div style=\"width: 1px; height: 1px;\"><\/div>\n            <\/div>\n            <div class=\"contract-trigger\"><\/div>\n          <\/div>\n        <\/div>\n        <div class=\"overlay-layer\">\n          <div class=\"overlay-image-layer\" style=\"background-color: rgb(0, 0, 0); opacity: 0.5;\"><\/div>\n        <\/div>\n      <\/div>\n      <div class=\"background-layer background-layer-media-container-md\">\n        <!---->\n        <div class=\"overlay-layer\">\n          <div class=\"overlay-image-layer\" style=\"background-color: rgb(0, 0, 0); opacity: 0.5;\"><\/div>\n        <\/div>\n      <\/div>\n      <div class=\"background-layer background-layer-media-container\">\n        <!---->\n        <div class=\"overlay-layer\">\n          <div class=\"overlay-image-layer\" style=\"background-color: rgb(0, 0, 0); opacity: 0.5;\"><\/div>\n        <\/div>\n      <\/div>\n    <\/div>\n    <!---->\n    <div class=\"h-section-grid-container h-section-boxed-container\">\n      <!---->\n      <div data-colibri-id=\"56-c177\" class=\"h-row-container gutters-row-lg-2 gutters-row-md-2 gutters-row-2 gutters-row-v-lg-2 gutters-row-v-md-2 gutters-row-v-2 style-290 style-local-56-c177 position-relative\">\n        <!---->\n        <div class=\"h-row justify-content-lg-center justify-content-md-center justify-content-center align-items-lg-stretch align-items-md-stretch align-items-stretch gutters-col-lg-2 gutters-col-md-2 gutters-col-2 gutters-col-v-lg-2 gutters-col-v-md-2 gutters-col-v-2\">\n          <!---->\n          <div class=\"h-column h-column-container d-flex h-col-lg-4 h-col-md-4 h-col-12 style-291-outer style-local-56-c178-outer\">\n            <div data-colibri-id=\"56-c178\" class=\"d-flex h-flex-basis h-column__inner h-px-lg-2 h-px-md-2 h-px-2 v-inner-lg-0 v-inner-md-0 v-inner-2 style-291 style-local-56-c178 position-relative\">\n              <!---->\n              <!---->\n              <div class=\"w-100 h-y-container h-column__content h-column__v-align flex-basis-100 align-self-lg-start align-self-md-start align-self-start\">\n                <!---->\n                <div data-colibri-id=\"56-c179\" class=\"h-global-transition-all h-heading style-292 style-local-56-c179 position-relative h-element\">\n                  <!---->\n                  <div class=\"h-heading__outer style-292 style-local-56-c179\">\n                    <!---->\n                    <!---->\n                    <h4 class=\"\">100<\/h4>\n                  <\/div>\n                <\/div>\n                <div data-colibri-id=\"56-c180\" class=\"h-global-transition-all h-heading style-293 style-local-56-c180 position-relative h-element\">\n                  <!---->\n                  <div class=\"h-heading__outer style-293 style-local-56-c180\">\n                    <!---->\n                    <!---->\n                    <h5 class=\"\">ACTORS, ACTRIUS I FIGURANTS I EQUIP T\u00c8CNIC<\/h5>\n                  <\/div>\n                <\/div>\n              <\/div>\n            <\/div>\n          <\/div>\n          <div class=\"h-column h-column-container d-flex h-col-lg-4 h-col-md-4 h-col-12 style-294-outer style-local-56-c181-outer\">\n            <div data-colibri-id=\"56-c181\" class=\"d-flex h-flex-basis h-column__inner h-px-lg-3 h-px-md-3 h-px-2 v-inner-lg-0 v-inner-md-0 v-inner-2 style-294 style-local-56-c181 position-relative\">\n              <!---->\n              <!---->\n              <div class=\"w-100 h-y-container h-column__content h-column__v-align flex-basis-100 align-self-lg-start align-self-md-start align-self-start\">\n                <!---->\n                <div data-colibri-id=\"56-c182\" class=\"h-global-transition-all h-heading style-292 style-local-56-c182 position-relative h-element\">\n                  <!---->\n                  <div class=\"h-heading__outer style-292 style-local-56-c182\">\n                    <!---->\n                    <!---->\n                    <h4 class=\"\">50.000<\/h4>\n                  <\/div>\n                <\/div>\n                <div data-colibri-id=\"56-c183\" class=\"h-global-transition-all h-heading style-293 style-local-56-c183 position-relative h-element\">\n                  <!---->\n                  <div class=\"h-heading__outer style-293 style-local-56-c183\">\n                    <!---->\n                    <!---->\n                    <h5 class=\"\">ESPECTADORS A TELEVISI\u00d3<\/h5>\n                  <\/div>\n                <\/div>\n              <\/div>\n            <\/div>\n          <\/div>\n          <div class=\"h-column h-column-container d-flex h-col-lg-4 h-col-md-4 h-col-12 style-295-outer style-local-56-c184-outer\">\n            <div data-colibri-id=\"56-c184\" class=\"d-flex h-flex-basis h-column__inner h-px-lg-2 h-px-md-2 h-px-2 v-inner-lg-0 v-inner-md-0 v-inner-2 style-295 style-local-56-c184 position-relative\">\n              <!---->\n              <!---->\n              <div class=\"w-100 h-y-container h-column__content h-column__v-align flex-basis-100 align-self-lg-start align-self-md-start align-self-start\">\n                <!---->\n                <div data-colibri-id=\"56-c185\" class=\"h-global-transition-all h-heading style-292 style-local-56-c185 position-relative h-element\">\n                  <!---->\n                  <div class=\"h-heading__outer style-292 style-local-56-c185\">\n                    <!---->\n                    <!---->\n                    <h4 class=\"\">140<\/h4>\n                  <\/div>\n                <\/div>\n                <div data-colibri-id=\"56-c186\" class=\"h-global-transition-all h-heading style-293 style-local-56-c186 position-relative h-element\">\n                  <!---->\n                  <div class=\"h-heading__outer style-293 style-local-56-c186\">\n                    <!---->\n                    <!---->\n                    <h5 class=\"\">ANYS D&#8217;HIST\u00d2RIA A L&#8217;ESPLUGA DE FRANCOL\u00cd<\/h5>\n                  <\/div>\n                <\/div>\n              <\/div>\n            <\/div>\n          <\/div>\n        <\/div>\n      <\/div>\n    <\/div>\n  <\/div>\n  <div data-colibri-component=\"section\" data-colibri-id=\"56-c187\" id=\"contacte\" class=\"h-section h-section-global-spacing d-flex align-items-lg-center align-items-md-center align-items-center style-316 style-local-56-c187 position-relative\">\n    <div class=\"background-wrapper\">\n      <div class=\"background-layer background-layer-media-container-lg\">\n        <div data-enabled=\"true\" data-colibri-component=\"parallax\" class=\"background-layer paraxify\" model-id=\"56-c187\" media=\"desktop\" is-preview=\"true\" style=\"background-image: url(&quot;http:\/\/www.pastoretsdelespluga.cat\/wp-content\/uploads\/2021\/11\/Casal-de-lEspluga-per-Nadal.jpeg&quot;); background-position: center center;\">\n          <div class=\"resize-triggers\">\n            <div class=\"expand-trigger\">\n              <div style=\"width: 1px; height: 1px;\"><\/div>\n            <\/div>\n            <div class=\"contract-trigger\"><\/div>\n          <\/div>\n        <\/div>\n        <div class=\"overlay-layer\">\n          <div class=\"overlay-image-layer\" style=\"background-color: rgb(0, 0, 0); opacity: 0.5;\"><\/div>\n        <\/div>\n      <\/div>\n      <div class=\"background-layer background-layer-media-container-md\">\n        <!---->\n        <div class=\"overlay-layer\">\n          <div class=\"overlay-image-layer\" style=\"background-color: rgb(0, 0, 0); opacity: 0.5;\"><\/div>\n        <\/div>\n      <\/div>\n      <div class=\"background-layer background-layer-media-container\">\n        <!---->\n        <div class=\"overlay-layer\">\n          <div class=\"overlay-image-layer\" style=\"background-color: rgb(0, 0, 0); opacity: 0.5;\"><\/div>\n        <\/div>\n      <\/div>\n    <\/div>\n    <!---->\n    <div class=\"h-section-grid-container h-section-boxed-container\">\n      <div data-colibri-id=\"56-c190\" class=\"h-row-container gutters-row-lg-2 gutters-row-md-2 gutters-row-2 gutters-row-v-lg-2 gutters-row-v-md-2 gutters-row-v-2 style-320 style-local-56-c190 position-relative\">\n        <!---->\n        <div class=\"h-row justify-content-lg-center justify-content-md-center justify-content-center align-items-lg-stretch align-items-md-stretch align-items-stretch gutters-col-lg-2 gutters-col-md-2 gutters-col-2 gutters-col-v-lg-2 gutters-col-v-md-2 gutters-col-v-2\">\n          <!---->\n          <div class=\"h-column h-column-container d-flex h-col-lg-auto h-col-md-auto h-col-auto style-321-outer style-local-56-c191-outer\">\n            <div data-colibri-id=\"56-c191\" class=\"d-flex h-flex-basis h-column__inner h-px-lg-2 h-px-md-2 h-px-2 v-inner-lg-2 v-inner-md-2 v-inner-2 style-321 style-local-56-c191 position-relative\">\n              <!---->\n              <!---->\n              <div class=\"w-100 h-y-container h-column__content h-column__v-align flex-basis-100 align-self-lg-start align-self-md-start align-self-start\">\n                <!---->\n                <div data-colibri-id=\"56-c192\" class=\"h-global-transition-all h-heading style-322 style-local-56-c192 position-relative h-element\">\n                  <!---->\n                  <div class=\"h-heading__outer style-322 style-local-56-c192\">\n                    <!---->\n                    <!---->\n                    <h2 class=\"\">Salut, rei de l&#8217;Avern!<\/h2>\n                  <\/div>\n                <\/div>\n                <div data-colibri-id=\"56-c193\" class=\"h-lead h-text h-text-component style-323 style-local-56-c193 position-relative h-element\">\n                  <!---->\n                  <!---->\n                  <div class=\"\">\n                    <p>Ens vols dir alguna cosa? Escriu-nos a info@pastoretsdelespluga.cat o truca al Casal de l&#8217;Esplugga de Francol\u00ed, al 977 870 359.<\/p>\n                  <\/div>\n                <\/div>\n              <\/div>\n            <\/div>\n          <\/div>\n        <\/div>\n      <\/div>\n      <div data-colibri-id=\"56-c188\" class=\"h-row-container gutters-row-lg-2 gutters-row-md-2 gutters-row-0 gutters-row-v-lg-2 gutters-row-v-md-2 gutters-row-v-2 style-317 style-local-56-c188 position-relative\">\n        <!---->\n        <div class=\"h-row justify-content-lg-center justify-content-md-center justify-content-center align-items-lg-stretch align-items-md-stretch align-items-stretch gutters-col-lg-2 gutters-col-md-2 gutters-col-0 gutters-col-v-lg-2 gutters-col-v-md-2 gutters-col-v-2\">\n          <!---->\n          <div class=\"h-column h-column-container d-flex h-col-lg-auto h-col-md-auto h-col-auto style-318-outer style-local-56-c189-outer\">\n            <div data-colibri-id=\"56-c189\" class=\"d-flex h-flex-basis h-column__inner h-ui-empty-state-container h-px-lg-2 h-px-md-2 h-px-2 v-inner-lg-2 v-inner-md-2 v-inner-2 style-318 style-local-56-c189 position-relative\">\n              <!---->\n              <!---->\n              <div class=\"w-100 h-y-container h-column__content h-column__v-align flex-basis-100\">\n                <!---->\n              <\/div>\n            <\/div>\n          <\/div>\n        <\/div>\n      <\/div>\n    <\/div>\n  <\/div>\n<\/div>","protected":false},"excerpt":{"rendered":"<p>Des de 1886 Documentats des de finals del segle XIX els Pastorets [&hellip;]<\/p>\n","protected":false},"author":1,"featured_media":0,"parent":0,"menu_order":0,"comment_status":"closed","ping_status":"closed","template":"page-templates\/homepage.php","meta":{"om_disable_all_campaigns":false,"_monsterinsights_skip_tracking":false,"_monsterinsights_sitenote_active":false,"_monsterinsights_sitenote_note":"","_monsterinsights_sitenote_category":0,"footnotes":""},"class_list":["post-56","page","type-page","status-publish","hentry"],"aioseo_notices":[],"jetpack_sharing_enabled":true,"_links":{"self":[{"href":"https:\/\/www.pastoretsdelespluga.cat\/index.php\/wp-json\/wp\/v2\/pages\/56","targetHints":{"allow":["GET"]}}],"collection":[{"href":"https:\/\/www.pastoretsdelespluga.cat\/index.php\/wp-json\/wp\/v2\/pages"}],"about":[{"href":"https:\/\/www.pastoretsdelespluga.cat\/index.php\/wp-json\/wp\/v2\/types\/page"}],"author":[{"embeddable":true,"href":"https:\/\/www.pastoretsdelespluga.cat\/index.php\/wp-json\/wp\/v2\/users\/1"}],"replies":[{"embeddable":true,"href":"https:\/\/www.pastoretsdelespluga.cat\/index.php\/wp-json\/wp\/v2\/comments?post=56"}],"version-history":[{"count":20,"href":"https:\/\/www.pastoretsdelespluga.cat\/index.php\/wp-json\/wp\/v2\/pages\/56\/revisions"}],"predecessor-version":[{"id":6558,"href":"https:\/\/www.pastoretsdelespluga.cat\/index.php\/wp-json\/wp\/v2\/pages\/56\/revisions\/6558"}],"wp:attachment":[{"href":"https:\/\/www.pastoretsdelespluga.cat\/index.php\/wp-json\/wp\/v2\/media?parent=56"}],"curies":[{"name":"wp","href":"https:\/\/api.w.org\/{rel}","templated":true}]}}